{"id":1208,"date":"2021-11-26T15:10:02","date_gmt":"2021-11-26T14:10:02","guid":{"rendered":"https:\/\/hotelalfrantoio.it\/?page_id=1208"},"modified":"2026-02-23T15:04:19","modified_gmt":"2026-02-23T14:04:19","slug":"rooms-and-apartments","status":"publish","type":"page","link":"https:\/\/hotelalfrantoio.it\/de\/rooms-and-apartments\/","title":{"rendered":"Zimmer und Wohnungen"},"content":{"rendered":"<section class=\"l-section wpb_row hide_on_tablets hide_on_mobiles height_medium full_height valign_bottom with_slider with_shape\"><div class=\"l-section-slider\"><div class=\"w-slider style_none fit_cover nav_none count_4\"><div class=\"w-slider-h\"><div class=\"royalSlider\"><div class=\"rsContent\"><a class=\"rsImg\" data-rsw=\"1920\" data-rsh=\"1281\" href=\"https:\/\/hotelalfrantoio.it\/wp-content\/uploads\/2024\/07\/OND09598.jpg\"><span data-alt=\"\"><\/span><\/a><\/div><div class=\"rsContent\"><a class=\"rsImg\" data-rsw=\"1920\" data-rsh=\"1281\" href=\"https:\/\/hotelalfrantoio.it\/wp-content\/uploads\/2024\/07\/OND09650.jpg\"><span data-alt=\"\"><\/span><\/a><\/div><div class=\"rsContent\"><a class=\"rsImg\" data-rsw=\"1920\" data-rsh=\"1281\" href=\"https:\/\/hotelalfrantoio.it\/wp-content\/uploads\/2024\/07\/OND09618.jpg\"><span data-alt=\"\"><\/span><\/a><\/div><div class=\"rsContent\"><a class=\"rsImg\" data-rsw=\"1920\" data-rsh=\"1281\" href=\"https:\/\/hotelalfrantoio.it\/wp-content\/uploads\/2024\/07\/OND09657.jpg\"><span data-alt=\"\"><\/span><\/a><\/div><\/div><img decoding=\"async\" src=\"https:\/\/hotelalfrantoio.it\/wp-content\/uploads\/2024\/07\/OND09598.jpg\" width=\"1920\" height=\"1281\" alt loading=\"lazy\"><\/div><div class=\"w-slider-json\" onclick='return {&quot;autoScaleSlider&quot;:true,&quot;addActiveClass&quot;:true,&quot;loop&quot;:true,&quot;fadeInLoadedSlide&quot;:false,&quot;slidesSpacing&quot;:0,&quot;imageScalePadding&quot;:0,&quot;numImagesToPreload&quot;:2,&quot;arrowsNav&quot;:false,&quot;arrowsNavAutoHide&quot;:false,&quot;transitionType&quot;:&quot;fade&quot;,&quot;transitionSpeed&quot;:1000,&quot;block&quot;:{&quot;moveEffect&quot;:&quot;none&quot;,&quot;speed&quot;:300},&quot;thumbs&quot;:{&quot;fitInViewport&quot;:false,&quot;firstMargin&quot;:false,&quot;spacing&quot;:4},&quot;controlNavigation&quot;:&quot;none&quot;,&quot;autoplay&quot;:{&quot;enabled&quot;:true,&quot;pauseOnHover&quot;:false,&quot;delay&quot;:3000},&quot;autoScaleSliderWidth&quot;:1920,&quot;autoScaleSliderHeight&quot;:1281}'><\/div><\/div><\/div><div class=\"l-section-overlay\" style=\"background:linear-gradient(180deg,rgba(0,0,0,0.00),rgba(0,0,0,0.20))\"><\/div><div class=\"l-section-shape type_wave pos_bottom on_front hor_flip\" style=\"height:15vmin;\"><svg xmlns=\"http:\/\/www.w3.org\/2000\/svg\" viewBox=\"0 4 64 4\" preserveAspectRatio=\"none\" width=\"100%\" height=\"100%\">\r\n\t<path fill=\"currentColor\" d=\"M64 6 C32 0 32 12 0 6 L0 8 L64 8 Z\"\/>\r\n<\/svg><\/div><div class=\"l-section-h i-cf\"><div class=\"g-cols vc_row via_grid cols_1 laptops-cols_inherit tablets-cols_inherit mobiles-cols_1 valign_bottom type_default stacking_default\"><div class=\"wpb_column vc_column_container us_custom_de366d1c us_animate_this\"><div class=\"vc_column-inner\"><div class=\"wpb_text_column us_custom_7eb390f9 has_text_color\"><div class=\"wpb_wrapper\"><p>ZIMMER UND WOHNUNGEN<\/p>\n<\/div><\/div><div class=\"w-image us_custom_6217dcc9 align_right\"><div class=\"w-image-h\"><img decoding=\"async\" width=\"190\" height=\"10\" src=\"https:\/\/hotelalfrantoio.it\/wp-content\/uploads\/2021\/12\/linea-oriz-bianco.svg\" class=\"attachment-full size-full\" alt=\"\" loading=\"lazy\" \/><\/div><\/div><div class=\"w-separator size_medium\"><\/div><\/div><\/div><\/div><\/div><\/section><section class=\"l-section wpb_row hide_on_default hide_on_laptops height_medium full_height valign_bottom with_slider with_shape\"><div class=\"l-section-slider\"><div class=\"w-slider style_none fit_cover nav_none count_4\"><div class=\"w-slider-h\"><div class=\"royalSlider\"><div class=\"rsContent\"><a class=\"rsImg\" data-rsw=\"1920\" data-rsh=\"1281\" href=\"https:\/\/hotelalfrantoio.it\/wp-content\/uploads\/2024\/07\/OND09598.jpg\"><span data-alt=\"\"><\/span><\/a><\/div><div class=\"rsContent\"><a class=\"rsImg\" data-rsw=\"1920\" data-rsh=\"1281\" href=\"https:\/\/hotelalfrantoio.it\/wp-content\/uploads\/2024\/07\/OND09650.jpg\"><span data-alt=\"\"><\/span><\/a><\/div><div class=\"rsContent\"><a class=\"rsImg\" data-rsw=\"1920\" data-rsh=\"1281\" href=\"https:\/\/hotelalfrantoio.it\/wp-content\/uploads\/2024\/07\/OND09618.jpg\"><span data-alt=\"\"><\/span><\/a><\/div><div class=\"rsContent\"><a class=\"rsImg\" data-rsw=\"1920\" data-rsh=\"1281\" href=\"https:\/\/hotelalfrantoio.it\/wp-content\/uploads\/2024\/07\/OND09657.jpg\"><span data-alt=\"\"><\/span><\/a><\/div><\/div><img decoding=\"async\" src=\"https:\/\/hotelalfrantoio.it\/wp-content\/uploads\/2024\/07\/OND09598.jpg\" width=\"1920\" height=\"1281\" alt loading=\"lazy\"><\/div><div class=\"w-slider-json\" onclick='return {&quot;autoScaleSlider&quot;:true,&quot;addActiveClass&quot;:true,&quot;loop&quot;:true,&quot;fadeInLoadedSlide&quot;:false,&quot;slidesSpacing&quot;:0,&quot;imageScalePadding&quot;:0,&quot;numImagesToPreload&quot;:2,&quot;arrowsNav&quot;:false,&quot;arrowsNavAutoHide&quot;:false,&quot;transitionType&quot;:&quot;fade&quot;,&quot;transitionSpeed&quot;:1000,&quot;block&quot;:{&quot;moveEffect&quot;:&quot;none&quot;,&quot;speed&quot;:300},&quot;thumbs&quot;:{&quot;fitInViewport&quot;:false,&quot;firstMargin&quot;:false,&quot;spacing&quot;:4},&quot;controlNavigation&quot;:&quot;none&quot;,&quot;autoplay&quot;:{&quot;enabled&quot;:true,&quot;pauseOnHover&quot;:false,&quot;delay&quot;:3000},&quot;autoScaleSliderWidth&quot;:1920,&quot;autoScaleSliderHeight&quot;:1281}'><\/div><\/div><\/div><div class=\"l-section-overlay\" style=\"background:rgba(0,0,0,0.20)\"><\/div><div class=\"l-section-shape type_wave pos_bottom\" style=\"height:5vh;\"><svg xmlns=\"http:\/\/www.w3.org\/2000\/svg\" viewBox=\"0 4 64 4\" preserveAspectRatio=\"none\" width=\"100%\" height=\"100%\">\r\n\t<path fill=\"currentColor\" d=\"M64 6 C32 0 32 12 0 6 L0 8 L64 8 Z\"\/>\r\n<\/svg><\/div><div class=\"l-section-h i-cf\"><div class=\"g-cols vc_row via_grid cols_1 laptops-cols_inherit tablets-cols_inherit mobiles-cols_1 valign_bottom type_default stacking_default\"><div class=\"wpb_column vc_column_container us_custom_de366d1c us_animate_this\"><div class=\"vc_column-inner\"><div class=\"wpb_text_column us_custom_7eb390f9 has_text_color\"><div class=\"wpb_wrapper\"><p>ZIMMER UND WOHNUNGEN<\/p>\n<\/div><\/div><div class=\"w-image us_custom_6217dcc9 i50 align_right\"><div class=\"w-image-h\"><img decoding=\"async\" width=\"190\" height=\"10\" src=\"https:\/\/hotelalfrantoio.it\/wp-content\/uploads\/2021\/12\/linea-oriz-bianco.svg\" class=\"attachment-full size-full\" alt=\"\" loading=\"lazy\" \/><\/div><\/div><\/div><\/div><\/div><\/div><\/section><section class=\"l-section wpb_row height_medium\"><div class=\"l-section-h i-cf\"><div class=\"g-cols vc_row via_grid cols_1 laptops-cols_inherit tablets-cols_inherit mobiles-cols_1 valign_top type_default stacking_default\"><div class=\"wpb_column vc_column_container\"><div class=\"vc_column-inner\"><div class=\"wpb_text_column us_custom_eb849559\"><div class=\"wpb_wrapper\"><h1>Nur wenn Sie mittels dieser Webseite reservieren<\/h1>\n<\/div><\/div><div class=\"w-separator size_medium\"><\/div><div class=\"g-cols wpb_row us_custom_277718da via_grid cols_1-4-1 laptops-cols_inherit tablets-cols_inherit mobiles-cols_1 valign_top type_default stacking_default\" style=\"--columns-gap:3rem;\"><div class=\"wpb_column vc_column_container\"><div class=\"vc_column-inner\"><\/div><\/div><div class=\"wpb_column vc_column_container\"><div class=\"vc_column-inner\"><div class=\"wpb_text_column us_custom_26e60d6a has_text_color\"><div class=\"wpb_wrapper\"><h4>Diese Plus sind nicht f\u00fcr Buchungen von Booking. com, Expedia oder anderen Websites Dritter anerkannt.<\/h4>\n<\/div><\/div><\/div><\/div><div class=\"wpb_column vc_column_container\"><div class=\"vc_column-inner\"><\/div><\/div><\/div><div class=\"w-separator size_huge\"><\/div><div class=\"g-cols wpb_row via_grid cols_2 laptops-cols_inherit tablets-cols_inherit mobiles-cols_1 valign_top type_default stacking_default\" style=\"--columns-gap:4rem;\"><div class=\"wpb_column vc_column_container\"><div class=\"vc_column-inner\"><div class=\"wpb_text_column\"><div class=\"wpb_wrapper\"><p><i class=\"fas fa-check-square giallo\"><\/i> <strong>Bestpreisgarantie<\/strong> im Vergleich zu allen anderen Online-Webseite (wie booking.com und Exepdia)<\/p>\n<\/div><\/div><\/div><\/div><div class=\"wpb_column vc_column_container\"><div class=\"vc_column-inner\"><div class=\"wpb_text_column\"><div class=\"wpb_wrapper\"><p><i class=\"fas fa-check-square giallo\"><\/i> <strong>Garda G\u00e4stekarte:<\/strong><br \/>\nfreier oder erm\u00e4\u00dfigter Eintritt in Museen und Schl\u00f6ssern + freie Fahrt mit den \u00f6ffentlichen Verkehrsmitteln (Bushaltestelle vor dem Hotel)<\/p>\n<\/div><\/div><\/div><\/div><\/div><div class=\"w-separator size_medium\"><\/div><div class=\"g-cols wpb_row via_grid cols_2 laptops-cols_inherit tablets-cols_inherit mobiles-cols_1 valign_top type_default stacking_default\" style=\"--columns-gap:4rem;\"><div class=\"wpb_column vc_column_container\"><div class=\"vc_column-inner\"><div class=\"wpb_text_column\"><div class=\"wpb_wrapper\"><p><i class=\"fas fa-check-square giallo\"><\/i> <strong>Kostenlose Stornierung<\/strong><br \/>\nwir garantieren Ihnen maximale Flexibilit\u00e4t durch kostenlose Stornierung Ihrer Buchung bis zu 8 Tagen vor Anreise (Angebot mit Standardbuchungsbedingungen)<\/p>\n<\/div><\/div><\/div><\/div><div class=\"wpb_column vc_column_container\"><div class=\"vc_column-inner\"><div class=\"wpb_text_column\"><div class=\"wpb_wrapper\"><p><i class=\"fas fa-check-square giallo\"><\/i> 10% Erm\u00e4\u00dfigung in konventionierten Restaurants und Fahrrad-Verleih<\/p>\n<\/div><\/div><\/div><\/div><\/div><div class=\"w-separator size_medium\"><\/div><div class=\"g-cols wpb_row via_grid cols_2 laptops-cols_inherit tablets-cols_inherit mobiles-cols_1 valign_top type_default stacking_default\" style=\"--columns-gap:4rem;\"><div class=\"wpb_column vc_column_container\"><div class=\"vc_column-inner\"><div class=\"wpb_text_column\"><div class=\"wpb_wrapper\"><p><i class=\"fas fa-check-square giallo\"><\/i> <strong>Kostenlose Garage<\/strong><br \/>\nf\u00fcr Aufenthalte von mindestens 3 N\u00e4chten, sowie eine Nacht f\u00fcr Motorr\u00e4der<\/p>\n<\/div><\/div><\/div><\/div><div class=\"wpb_column vc_column_container\"><div class=\"vc_column-inner\"><\/div><\/div><\/div><\/div><\/div><\/div><\/div><\/section><section class=\"l-section wpb_row us_custom_2c5b2e8e height_medium\"><div class=\"l-section-h i-cf\"><div class=\"g-cols vc_row via_grid cols_1 laptops-cols_inherit tablets-cols_inherit mobiles-cols_1 valign_top type_default stacking_default\"><div class=\"wpb_column vc_column_container\"><div class=\"vc_column-inner\"><\/div><\/div><\/div><\/div><\/section><section class=\"l-section wpb_row us_custom_cfd749f0 height_medium\"><div class=\"l-section-h i-cf\"><div class=\"g-cols vc_row via_grid cols_1 laptops-cols_inherit tablets-cols_inherit mobiles-cols_1 valign_top type_default stacking_default\"><div class=\"wpb_column vc_column_container\"><div class=\"vc_column-inner\"><div class=\"g-cols wpb_row us_custom_85bd25bb via_grid cols_1-2 laptops-cols_inherit tablets-cols_inherit mobiles-cols_1 valign_top type_default stacking_default\" style=\"--columns-gap:3rem;\"><div class=\"wpb_column vc_column_container us_custom_0b31aae7 has_bg_color\"><div class=\"vc_column-inner\"><\/div><\/div><div class=\"wpb_column vc_column_container\"><div class=\"vc_column-inner\"><div class=\"w-slider us_custom_9cf479d2 style_none fit_contain nav_none has_border_radius count_5\"><div class=\"w-slider-h\"><div class=\"royalSlider\"><div class=\"rsContent\"><a class=\"rsImg\" data-rsw=\"1280\" data-rsh=\"900\" data-rsBigImg=\"https:\/\/hotelalfrantoio.it\/wp-content\/uploads\/2024\/07\/OND03002.jpg\" href=\"https:\/\/hotelalfrantoio.it\/wp-content\/uploads\/2024\/07\/OND03002-1280x900.jpg\"><span data-alt=\"\"><\/span><\/a><\/div><div class=\"rsContent\"><a class=\"rsImg\" data-rsw=\"1280\" data-rsh=\"900\" data-rsBigImg=\"https:\/\/hotelalfrantoio.it\/wp-content\/uploads\/2024\/07\/OND03007.jpg\" href=\"https:\/\/hotelalfrantoio.it\/wp-content\/uploads\/2024\/07\/OND03007-1280x900.jpg\"><span data-alt=\"\"><\/span><\/a><\/div><div class=\"rsContent\"><a class=\"rsImg\" data-rsw=\"1280\" data-rsh=\"900\" data-rsBigImg=\"https:\/\/hotelalfrantoio.it\/wp-content\/uploads\/2024\/07\/OND02997.jpg\" href=\"https:\/\/hotelalfrantoio.it\/wp-content\/uploads\/2024\/07\/OND02997-1280x900.jpg\"><span data-alt=\"\"><\/span><\/a><\/div><div class=\"rsContent\"><a class=\"rsImg\" data-rsw=\"1280\" data-rsh=\"900\" data-rsBigImg=\"https:\/\/hotelalfrantoio.it\/wp-content\/uploads\/2024\/07\/OND03015.jpg\" href=\"https:\/\/hotelalfrantoio.it\/wp-content\/uploads\/2024\/07\/OND03015-1280x900.jpg\"><span data-alt=\"\"><\/span><\/a><\/div><div class=\"rsContent\"><a class=\"rsImg\" data-rsw=\"1280\" data-rsh=\"900\" data-rsBigImg=\"https:\/\/hotelalfrantoio.it\/wp-content\/uploads\/2024\/07\/OND03022.jpg\" href=\"https:\/\/hotelalfrantoio.it\/wp-content\/uploads\/2024\/07\/OND03022-1280x900.jpg\"><span data-alt=\"\"><\/span><\/a><\/div><\/div><img decoding=\"async\" src=\"https:\/\/hotelalfrantoio.it\/wp-content\/uploads\/2024\/07\/OND03002-1280x900.jpg\" width=\"1280\" height=\"900\" alt loading=\"lazy\"><\/div><div class=\"w-slider-json\" onclick='return {&quot;autoScaleSlider&quot;:true,&quot;addActiveClass&quot;:true,&quot;loop&quot;:true,&quot;fadeInLoadedSlide&quot;:false,&quot;slidesSpacing&quot;:0,&quot;imageScalePadding&quot;:0,&quot;numImagesToPreload&quot;:2,&quot;arrowsNav&quot;:true,&quot;arrowsNavAutoHide&quot;:false,&quot;transitionType&quot;:&quot;fade&quot;,&quot;transitionSpeed&quot;:250,&quot;block&quot;:{&quot;moveEffect&quot;:&quot;none&quot;,&quot;speed&quot;:300},&quot;thumbs&quot;:{&quot;fitInViewport&quot;:false,&quot;firstMargin&quot;:false,&quot;spacing&quot;:4},&quot;controlNavigation&quot;:&quot;none&quot;,&quot;fullscreen&quot;:{&quot;enabled&quot;:true},&quot;autoScaleSliderWidth&quot;:1280,&quot;autoScaleSliderHeight&quot;:900}'><\/div><\/div><\/div><\/div><\/div><div class=\"w-separator size_medium\"><\/div><div class=\"wpb_text_column\"><div class=\"wpb_wrapper\"><h2>Comfort-Zimmer<\/h2>\n<\/div><\/div><div class=\"wpb_text_column us_custom_a0b645f0 has_text_color\"><div class=\"wpb_wrapper\"><p>17 mq &#8211; MAX 2 PERSONEN | Zimmer ohne Balkon mit sichtbaren Holzbalken<\/p>\n<\/div><\/div><div class=\"w-image i100 align_none\"><div class=\"w-image-h\"><img decoding=\"async\" width=\"190\" height=\"10\" src=\"https:\/\/hotelalfrantoio.it\/wp-content\/uploads\/2021\/12\/linea-oriz-giallo.svg\" class=\"attachment-full size-full\" alt=\"\" loading=\"lazy\" \/><\/div><\/div><div class=\"g-cols wpb_row via_grid cols_3-1 laptops-cols_inherit tablets-cols_inherit mobiles-cols_1 valign_top type_default stacking_default\" style=\"--columns-gap:6rem;\"><div class=\"wpb_column vc_column_container\"><div class=\"vc_column-inner\"><div class=\"w-tabs layout_hor style_radio2 switch_click has_scrolling\" style=\"--sections-title-size:1em\"><div class=\"w-tabs-list items_3 align_none\"><div class=\"w-tabs-list-h\"><button class=\"w-tabs-item active defined-active\" aria-controls=\"content-l79d\" aria-expanded=\"true\"><span class=\"w-tabs-item-title\">Zimmer<\/span><\/button><button class=\"w-tabs-item with_icon\" aria-controls=\"content-aa3a\" aria-expanded=\"false\"><i class=\"fas fa-info-circle\"><\/i><span class=\"w-tabs-item-title\">Dieses Zimmer verf\u00fcgt \u00fcber<\/span><\/button><button class=\"w-tabs-item with_icon\" aria-controls=\"content-pc8c\" aria-expanded=\"false\"><i class=\"fas fa-info-circle\"><\/i><span class=\"w-tabs-item-title\">Inklusivleistungen<\/span><\/button><\/div><\/div><div class=\"w-tabs-sections titles-align_none icon_plus cpos_right\"><div class=\"w-tabs-section active\" id=\"l79d\"><button class=\"w-tabs-section-header active\" aria-controls=\"content-l79d\" aria-expanded=\"true\"><div class=\"w-tabs-section-title\">Zimmer<\/div><div class=\"w-tabs-section-control\"><\/div><\/button><div  class=\"w-tabs-section-content\" id=\"content-l79d\"><div class=\"w-tabs-section-content-h i-cf\"><div class=\"wpb_text_column us_custom_1f257949\"><div class=\"wpb_wrapper\"><p>Verf\u00fcgbar als Doppelzimmer oder Einzelbenutzung.<br \/>\nDie Comfort zimmer befinden sich im 1. und 2. Stock (im 2. Stock mit Sichtbalken). Die Comfort Zimmer sind die sparsamste L\u00f6sung f\u00fcr Ihren Aufenthalt und haben keinen Balkon oder Garten.<\/p>\n<\/div><\/div><\/div><\/div><\/div><div class=\"w-tabs-section\" id=\"aa3a\"><button class=\"w-tabs-section-header with_icon\" aria-controls=\"content-aa3a\" aria-expanded=\"false\"><i class=\"fas fa-info-circle\"><\/i><div class=\"w-tabs-section-title\">Dieses Zimmer verf\u00fcgt \u00fcber<\/div><div class=\"w-tabs-section-control\"><\/div><\/button><div  class=\"w-tabs-section-content\" id=\"content-aa3a\"><div class=\"w-tabs-section-content-h i-cf\"><div class=\"wpb_text_column\"><div class=\"wpb_wrapper\"><p>Wi-Fi-, Smart-TV, Safe, Minibar, Kaffeepadmaschine, Haartrockner, Klimaanlage und Toilettenset.<\/p>\n<\/div><\/div><\/div><\/div><\/div><div class=\"w-tabs-section\" id=\"pc8c\"><button class=\"w-tabs-section-header with_icon\" aria-controls=\"content-pc8c\" aria-expanded=\"false\"><i class=\"fas fa-info-circle\"><\/i><div class=\"w-tabs-section-title\">Inklusivleistungen<\/div><div class=\"w-tabs-section-control\"><\/div><\/button><div  class=\"w-tabs-section-content\" id=\"content-pc8c\"><div class=\"w-tabs-section-content-h i-cf\"><div class=\"wpb_text_column\"><div class=\"wpb_wrapper\"><p>t\u00e4gliche Reinigung; Bettw\u00e4sche;<br \/>\nHandt\u00fccher; Toilettenset (Shampoo, Duschgel); Fahrradabstellraum; Aussenschwimmbad (April &#8211; Oktober); Infrarotsauna und Aussenwhirlpool (ganzj\u00e4hrig).<\/p>\n<\/div><\/div><\/div><\/div><\/div><\/div><\/div><\/div><\/div><div class=\"wpb_column vc_column_container\"><div class=\"vc_column-inner\"><div class=\"wpb_text_column us_custom_eb849559\"><div class=\"wpb_wrapper\"><h4>HIER BUCHEN<br \/>\nBester Online-Preis!<\/h4>\n<\/div><\/div><div class=\"w-btn-wrapper align_justify\"><a class=\"w-btn us-btn-style_1\" target=\"_blank\" rel=\"nofollow\" href=\"https:\/\/www.simplebooking.it\/ibe2\/hotel\/9407?lang=DE&amp;cur=EUR\"><span class=\"w-btn-label\">Mit Rabatt buchen<\/span><\/a><\/div><div class=\"w-btn-wrapper align_justify\"><a class=\"w-btn us-btn-style_6\" title=\"Richiesta Preventivo\" href=\"https:\/\/hotelalfrantoio.it\/de\/vorheriger-antrag\/\"><span class=\"w-btn-label\">Angebot anfragen<\/span><\/a><\/div><\/div><\/div><\/div><\/div><\/div><\/div><\/div><\/section><section class=\"l-section wpb_row us_custom_cfd749f0 height_medium\"><div class=\"l-section-h i-cf\"><div class=\"g-cols vc_row via_grid cols_1 laptops-cols_inherit tablets-cols_inherit mobiles-cols_1 valign_top type_default stacking_default\"><div class=\"wpb_column vc_column_container\"><div class=\"vc_column-inner\"><div class=\"g-cols wpb_row us_custom_85bd25bb via_grid cols_1-2 laptops-cols_inherit tablets-cols_inherit mobiles-cols_1 valign_top type_default stacking_default\" style=\"--columns-gap:3rem;\"><div class=\"wpb_column vc_column_container us_custom_92838a12 has_bg_color\"><div class=\"vc_column-inner\"><\/div><\/div><div class=\"wpb_column vc_column_container\"><div class=\"vc_column-inner\"><div class=\"w-slider us_custom_9cf479d2 style_none fit_contain nav_none has_border_radius count_9\"><div class=\"w-slider-h\"><div class=\"royalSlider\"><div class=\"rsContent\"><a class=\"rsImg\" data-rsw=\"1280\" data-rsh=\"900\" data-rsBigImg=\"https:\/\/hotelalfrantoio.it\/wp-content\/uploads\/2024\/07\/OND02977.jpg\" href=\"https:\/\/hotelalfrantoio.it\/wp-content\/uploads\/2024\/07\/OND02977-1280x900.jpg\"><span data-alt=\"\"><\/span><\/a><\/div><div class=\"rsContent\"><a class=\"rsImg\" data-rsw=\"1280\" data-rsh=\"900\" data-rsBigImg=\"https:\/\/hotelalfrantoio.it\/wp-content\/uploads\/2024\/07\/OND02971.jpg\" href=\"https:\/\/hotelalfrantoio.it\/wp-content\/uploads\/2024\/07\/OND02971-1280x900.jpg\"><span data-alt=\"\"><\/span><\/a><\/div><div class=\"rsContent\"><a class=\"rsImg\" data-rsw=\"1280\" data-rsh=\"900\" data-rsBigImg=\"https:\/\/hotelalfrantoio.it\/wp-content\/uploads\/2024\/07\/OND02965.jpg\" href=\"https:\/\/hotelalfrantoio.it\/wp-content\/uploads\/2024\/07\/OND02965-1280x900.jpg\"><span data-alt=\"\"><\/span><\/a><\/div><div class=\"rsContent\"><a class=\"rsImg\" data-rsw=\"1280\" data-rsh=\"900\" data-rsBigImg=\"https:\/\/hotelalfrantoio.it\/wp-content\/uploads\/2024\/07\/OND02957.jpg\" href=\"https:\/\/hotelalfrantoio.it\/wp-content\/uploads\/2024\/07\/OND02957-1280x900.jpg\"><span data-alt=\"\"><\/span><\/a><\/div><div class=\"rsContent\"><a class=\"rsImg\" data-rsw=\"1280\" data-rsh=\"900\" data-rsBigImg=\"https:\/\/hotelalfrantoio.it\/wp-content\/uploads\/2024\/07\/OND02952.jpg\" href=\"https:\/\/hotelalfrantoio.it\/wp-content\/uploads\/2024\/07\/OND02952-1280x900.jpg\"><span data-alt=\"\"><\/span><\/a><\/div><div class=\"rsContent\"><a class=\"rsImg\" data-rsw=\"1280\" data-rsh=\"900\" data-rsBigImg=\"https:\/\/hotelalfrantoio.it\/wp-content\/uploads\/2024\/07\/OND02882.jpg\" href=\"https:\/\/hotelalfrantoio.it\/wp-content\/uploads\/2024\/07\/OND02882-1280x900.jpg\"><span data-alt=\"\"><\/span><\/a><\/div><div class=\"rsContent\"><a class=\"rsImg\" data-rsw=\"1280\" data-rsh=\"900\" data-rsBigImg=\"https:\/\/hotelalfrantoio.it\/wp-content\/uploads\/2024\/07\/OND02877.jpg\" href=\"https:\/\/hotelalfrantoio.it\/wp-content\/uploads\/2024\/07\/OND02877-1280x900.jpg\"><span data-alt=\"\"><\/span><\/a><\/div><div class=\"rsContent\"><a class=\"rsImg\" data-rsw=\"1280\" data-rsh=\"900\" data-rsBigImg=\"https:\/\/hotelalfrantoio.it\/wp-content\/uploads\/2024\/07\/OND02868.jpg\" href=\"https:\/\/hotelalfrantoio.it\/wp-content\/uploads\/2024\/07\/OND02868-1280x900.jpg\"><span data-alt=\"\"><\/span><\/a><\/div><div class=\"rsContent\"><a class=\"rsImg\" data-rsw=\"1280\" data-rsh=\"900\" data-rsBigImg=\"https:\/\/hotelalfrantoio.it\/wp-content\/uploads\/2024\/07\/OND02855.jpg\" href=\"https:\/\/hotelalfrantoio.it\/wp-content\/uploads\/2024\/07\/OND02855-1280x900.jpg\"><span data-alt=\"\"><\/span><\/a><\/div><\/div><img decoding=\"async\" src=\"https:\/\/hotelalfrantoio.it\/wp-content\/uploads\/2024\/07\/OND02977-1280x900.jpg\" width=\"1280\" height=\"900\" alt loading=\"lazy\"><\/div><div class=\"w-slider-json\" onclick='return {&quot;autoScaleSlider&quot;:true,&quot;addActiveClass&quot;:true,&quot;loop&quot;:true,&quot;fadeInLoadedSlide&quot;:false,&quot;slidesSpacing&quot;:0,&quot;imageScalePadding&quot;:0,&quot;numImagesToPreload&quot;:2,&quot;arrowsNav&quot;:true,&quot;arrowsNavAutoHide&quot;:false,&quot;transitionType&quot;:&quot;fade&quot;,&quot;transitionSpeed&quot;:250,&quot;block&quot;:{&quot;moveEffect&quot;:&quot;none&quot;,&quot;speed&quot;:300},&quot;thumbs&quot;:{&quot;fitInViewport&quot;:false,&quot;firstMargin&quot;:false,&quot;spacing&quot;:4},&quot;controlNavigation&quot;:&quot;none&quot;,&quot;fullscreen&quot;:{&quot;enabled&quot;:true},&quot;autoScaleSliderWidth&quot;:1280,&quot;autoScaleSliderHeight&quot;:900}'><\/div><\/div><\/div><\/div><\/div><div class=\"w-separator size_medium\"><\/div><div class=\"wpb_text_column\"><div class=\"wpb_wrapper\"><h2>Deluxe-Zimmer<\/h2>\n<\/div><\/div><div class=\"wpb_text_column us_custom_a0b645f0 has_text_color\"><div class=\"wpb_wrapper\"><p>22 mq + Au\u00dfenbereich | MAX 2 PERSON | Zimmer mit kleinem Garten<\/p>\n<\/div><\/div><div class=\"w-image i100 align_none\"><div class=\"w-image-h\"><img decoding=\"async\" width=\"190\" height=\"10\" src=\"https:\/\/hotelalfrantoio.it\/wp-content\/uploads\/2021\/12\/linea-oriz-giallo.svg\" class=\"attachment-full size-full\" alt=\"\" loading=\"lazy\" \/><\/div><\/div><div class=\"g-cols wpb_row via_grid cols_3-1 laptops-cols_inherit tablets-cols_inherit mobiles-cols_1 valign_top type_default stacking_default\" style=\"--columns-gap:6rem;\"><div class=\"wpb_column vc_column_container\"><div class=\"vc_column-inner\"><div class=\"w-tabs layout_hor style_radio2 switch_click has_scrolling\" style=\"--sections-title-size:1em\"><div class=\"w-tabs-list items_3 align_none\"><div class=\"w-tabs-list-h\"><button class=\"w-tabs-item active defined-active\" aria-controls=\"content-b859\" aria-expanded=\"true\"><span class=\"w-tabs-item-title\">Zimmer<\/span><\/button><button class=\"w-tabs-item with_icon\" aria-controls=\"content-safd\" aria-expanded=\"false\"><i class=\"fas fa-info-circle\"><\/i><span class=\"w-tabs-item-title\">Dieses Zimmer verf\u00fcgt \u00fcber<\/span><\/button><button class=\"w-tabs-item with_icon\" aria-controls=\"content-fd31\" aria-expanded=\"false\"><i class=\"fas fa-info-circle\"><\/i><span class=\"w-tabs-item-title\">Inklusivleistungen<\/span><\/button><\/div><\/div><div class=\"w-tabs-sections titles-align_none icon_plus cpos_right\"><div class=\"w-tabs-section active\" id=\"b859\"><button class=\"w-tabs-section-header active\" aria-controls=\"content-b859\" aria-expanded=\"true\"><div class=\"w-tabs-section-title\">Zimmer<\/div><div class=\"w-tabs-section-control\"><\/div><\/button><div  class=\"w-tabs-section-content\" id=\"content-b859\"><div class=\"w-tabs-section-content-h i-cf\"><div class=\"wpb_text_column us_custom_1f257949\"><div class=\"wpb_wrapper\"><p>Verf\u00fcgbar als Doppelzimmer oder Einzelbenutzung.<br \/>\nDas Deluxe-Zimmer befindet sich im Erdgeschoss und verf\u00fcgt \u00fcber einen kleinen Garten mit Tisch und St\u00fchlen. Barrierefreies Zimmer.<\/p>\n<\/div><\/div><\/div><\/div><\/div><div class=\"w-tabs-section\" id=\"safd\"><button class=\"w-tabs-section-header with_icon\" aria-controls=\"content-safd\" aria-expanded=\"false\"><i class=\"fas fa-info-circle\"><\/i><div class=\"w-tabs-section-title\">Dieses Zimmer verf\u00fcgt \u00fcber<\/div><div class=\"w-tabs-section-control\"><\/div><\/button><div  class=\"w-tabs-section-content\" id=\"content-safd\"><div class=\"w-tabs-section-content-h i-cf\"><div class=\"wpb_text_column\"><div class=\"wpb_wrapper\"><p>Wi-Fi-, Smart-TV, Safe, Minibar, Kaffeepadmaschine, Haartrockner, Klimaanlage und Toilettenset.<\/p>\n<\/div><\/div><\/div><\/div><\/div><div class=\"w-tabs-section\" id=\"fd31\"><button class=\"w-tabs-section-header with_icon\" aria-controls=\"content-fd31\" aria-expanded=\"false\"><i class=\"fas fa-info-circle\"><\/i><div class=\"w-tabs-section-title\">Inklusivleistungen<\/div><div class=\"w-tabs-section-control\"><\/div><\/button><div  class=\"w-tabs-section-content\" id=\"content-fd31\"><div class=\"w-tabs-section-content-h i-cf\"><div class=\"wpb_text_column\"><div class=\"wpb_wrapper\"><p>t\u00e4gliche Reinigung; Bettw\u00e4sche; Handt\u00fccher; Toilettenset (Shampoo, Duschgel); Fahrradabstellraum; Aussenschwimmbad (April &#8211; Oktober); Infrarotsauna und Aussenwhirlpool (ganzj\u00e4hrig).<\/p>\n<\/div><\/div><\/div><\/div><\/div><\/div><\/div><\/div><\/div><div class=\"wpb_column vc_column_container\"><div class=\"vc_column-inner\"><div class=\"wpb_text_column us_custom_eb849559\"><div class=\"wpb_wrapper\"><h4>HIER BUCHEN<br \/>\nBester Online-Preis!<\/h4>\n<\/div><\/div><div class=\"w-btn-wrapper align_justify\"><a class=\"w-btn us-btn-style_1\" target=\"_blank\" rel=\"nofollow\" href=\"https:\/\/www.simplebooking.it\/ibe2\/hotel\/9407?lang=DE&amp;cur=EUR\"><span class=\"w-btn-label\">Mit Rabatt buchen<\/span><\/a><\/div><div class=\"w-btn-wrapper align_justify\"><a class=\"w-btn us-btn-style_6\" title=\"Richiesta Preventivo\" href=\"https:\/\/hotelalfrantoio.it\/de\/vorheriger-antrag\/\"><span class=\"w-btn-label\">Angebot anfragen<\/span><\/a><\/div><\/div><\/div><\/div><\/div><\/div><\/div><\/div><\/section><section class=\"l-section wpb_row us_custom_cfd749f0 height_medium\"><div class=\"l-section-h i-cf\"><div class=\"g-cols vc_row via_grid cols_1 laptops-cols_inherit tablets-cols_inherit mobiles-cols_1 valign_top type_default stacking_default\"><div class=\"wpb_column vc_column_container\"><div class=\"vc_column-inner\"><div class=\"g-cols wpb_row us_custom_85bd25bb via_grid cols_1-2 laptops-cols_inherit tablets-cols_inherit mobiles-cols_1 valign_bottom type_default reversed stacking_default\" style=\"--columns-gap:3rem;\"><div class=\"wpb_column vc_column_container us_custom_ea1b1944 has_bg_color\"><div class=\"vc_column-inner\"><div class=\"w-popup w-btn-wrapper align_right\"><button type=\"button\" aria-label=\"Planimetrie\" class=\"w-popup-trigger type_btn w-btn us-btn-style_10 icon_atleft\"><i class=\"fas fa-expand-arrows-alt\"><\/i><span class=\"w-btn-label\">Planimetrie<\/span><\/button><div class=\"w-popup-overlay\" style=\"background:rgba(0,0,0,0.85);\"><\/div><div class=\"w-popup-wrap layout_default\" role=\"dialog\" aria-modal=\"true\" aria-label=\"Planimetrie\" style=\"--title-color:var(--color-content-heading);--title-bg-color:var(--color-content-bg-alt);--content-color:var(--color-content-text);--content-bg-color:var(--color-content-bg);--popup-width:80%;--popup-padding:5%;\"><div class=\"w-popup-box animation_scaleUp closerpos_inside without_title\"><div class=\"w-popup-box-h\"><button aria-label=\"Close\" class=\"w-popup-closer\" type=\"button\"><\/button><div class=\"w-popup-box-content\"><p><img loading=\"lazy\" decoding=\"async\" class=\"alignnone wp-image-1859 size-full\" src=\"https:\/\/hotelalfrantoio.it\/wp-content\/uploads\/2023\/12\/Monolocale-Deluxe.jpg\" alt=\"\" width=\"1920\" height=\"1280\" srcset=\"https:\/\/hotelalfrantoio.it\/wp-content\/uploads\/2023\/12\/Monolocale-Deluxe.jpg 1920w, https:\/\/hotelalfrantoio.it\/wp-content\/uploads\/2023\/12\/Monolocale-Deluxe-300x200.jpg 300w, https:\/\/hotelalfrantoio.it\/wp-content\/uploads\/2023\/12\/Monolocale-Deluxe-1024x683.jpg 1024w\" sizes=\"auto, (max-width: 1920px) 100vw, 1920px\" \/><\/p>\n<\/div><\/div><\/div><\/div><\/div><\/div><\/div><div class=\"wpb_column vc_column_container\"><div class=\"vc_column-inner\"><div class=\"w-slider us_custom_9cf479d2 style_none fit_contain nav_none has_border_radius count_8\"><div class=\"w-slider-h\"><div class=\"royalSlider\"><div class=\"rsContent\"><a class=\"rsImg\" data-rsw=\"1280\" data-rsh=\"900\" data-rsBigImg=\"https:\/\/hotelalfrantoio.it\/wp-content\/uploads\/2024\/07\/OND00005.jpg\" href=\"https:\/\/hotelalfrantoio.it\/wp-content\/uploads\/2024\/07\/OND00005-1280x900.jpg\"><span data-alt=\"\"><\/span><\/a><\/div><div class=\"rsContent\"><a class=\"rsImg\" data-rsw=\"1280\" data-rsh=\"900\" data-rsBigImg=\"https:\/\/hotelalfrantoio.it\/wp-content\/uploads\/2024\/07\/OND00014.jpg\" href=\"https:\/\/hotelalfrantoio.it\/wp-content\/uploads\/2024\/07\/OND00014-1280x900.jpg\"><span data-alt=\"\"><\/span><\/a><\/div><div class=\"rsContent\"><a class=\"rsImg\" data-rsw=\"1280\" data-rsh=\"900\" data-rsBigImg=\"https:\/\/hotelalfrantoio.it\/wp-content\/uploads\/2024\/07\/OND00020.jpg\" href=\"https:\/\/hotelalfrantoio.it\/wp-content\/uploads\/2024\/07\/OND00020-1280x900.jpg\"><span data-alt=\"\"><\/span><\/a><\/div><div class=\"rsContent\"><a class=\"rsImg\" data-rsw=\"1280\" data-rsh=\"900\" data-rsBigImg=\"https:\/\/hotelalfrantoio.it\/wp-content\/uploads\/2024\/07\/OND09954.jpg\" href=\"https:\/\/hotelalfrantoio.it\/wp-content\/uploads\/2024\/07\/OND09954-1280x900.jpg\"><span data-alt=\"\"><\/span><\/a><\/div><div class=\"rsContent\"><a class=\"rsImg\" data-rsw=\"1280\" data-rsh=\"900\" data-rsBigImg=\"https:\/\/hotelalfrantoio.it\/wp-content\/uploads\/2024\/07\/OND09961.jpg\" href=\"https:\/\/hotelalfrantoio.it\/wp-content\/uploads\/2024\/07\/OND09961-1280x900.jpg\"><span data-alt=\"\"><\/span><\/a><\/div><div class=\"rsContent\"><a class=\"rsImg\" data-rsw=\"1280\" data-rsh=\"900\" data-rsBigImg=\"https:\/\/hotelalfrantoio.it\/wp-content\/uploads\/2024\/07\/OND09970.jpg\" href=\"https:\/\/hotelalfrantoio.it\/wp-content\/uploads\/2024\/07\/OND09970-1280x900.jpg\"><span data-alt=\"\"><\/span><\/a><\/div><div class=\"rsContent\"><a class=\"rsImg\" data-rsw=\"1280\" data-rsh=\"900\" data-rsBigImg=\"https:\/\/hotelalfrantoio.it\/wp-content\/uploads\/2024\/07\/OND09984.jpg\" href=\"https:\/\/hotelalfrantoio.it\/wp-content\/uploads\/2024\/07\/OND09984-1280x900.jpg\"><span data-alt=\"\"><\/span><\/a><\/div><div class=\"rsContent\"><a class=\"rsImg\" data-rsw=\"1280\" data-rsh=\"900\" data-rsBigImg=\"https:\/\/hotelalfrantoio.it\/wp-content\/uploads\/2024\/07\/OND09996.jpg\" href=\"https:\/\/hotelalfrantoio.it\/wp-content\/uploads\/2024\/07\/OND09996-1280x900.jpg\"><span data-alt=\"\"><\/span><\/a><\/div><\/div><img decoding=\"async\" src=\"https:\/\/hotelalfrantoio.it\/wp-content\/uploads\/2024\/07\/OND00005-1280x900.jpg\" width=\"1280\" height=\"900\" alt loading=\"lazy\"><\/div><div class=\"w-slider-json\" onclick='return {&quot;autoScaleSlider&quot;:true,&quot;addActiveClass&quot;:true,&quot;loop&quot;:true,&quot;fadeInLoadedSlide&quot;:false,&quot;slidesSpacing&quot;:0,&quot;imageScalePadding&quot;:0,&quot;numImagesToPreload&quot;:2,&quot;arrowsNav&quot;:true,&quot;arrowsNavAutoHide&quot;:false,&quot;transitionType&quot;:&quot;fade&quot;,&quot;transitionSpeed&quot;:250,&quot;block&quot;:{&quot;moveEffect&quot;:&quot;none&quot;,&quot;speed&quot;:300},&quot;thumbs&quot;:{&quot;fitInViewport&quot;:false,&quot;firstMargin&quot;:false,&quot;spacing&quot;:4},&quot;controlNavigation&quot;:&quot;none&quot;,&quot;fullscreen&quot;:{&quot;enabled&quot;:true},&quot;autoScaleSliderWidth&quot;:1280,&quot;autoScaleSliderHeight&quot;:900}'><\/div><\/div><\/div><\/div><\/div><div class=\"w-separator size_medium\"><\/div><div class=\"wpb_text_column\"><div class=\"wpb_wrapper\"><h2>Einzimmer- Wohnung<\/h2>\n<\/div><\/div><div class=\"wpb_text_column us_custom_a0b645f0 has_text_color\"><div class=\"wpb_wrapper\"><p>MAX 3 PERSON | Wohnungen mit Balkon<\/p>\n<\/div><\/div><div class=\"w-image i100 align_none\"><div class=\"w-image-h\"><img decoding=\"async\" width=\"190\" height=\"10\" src=\"https:\/\/hotelalfrantoio.it\/wp-content\/uploads\/2021\/12\/linea-oriz-giallo.svg\" class=\"attachment-full size-full\" alt=\"\" loading=\"lazy\" \/><\/div><\/div><div class=\"g-cols wpb_row via_grid cols_3-1 laptops-cols_inherit tablets-cols_inherit mobiles-cols_1 valign_top type_default stacking_default\" style=\"--columns-gap:6rem;\"><div class=\"wpb_column vc_column_container\"><div class=\"vc_column-inner\"><div class=\"w-tabs layout_hor style_radio2 switch_click has_scrolling\" style=\"--sections-title-size:1em\"><div class=\"w-tabs-list items_3 align_none\"><div class=\"w-tabs-list-h\"><button class=\"w-tabs-item active defined-active\" aria-controls=\"content-p0d2\" aria-expanded=\"true\"><span class=\"w-tabs-item-title\">Beschreibung<\/span><\/button><button class=\"w-tabs-item with_icon\" aria-controls=\"content-s321\" aria-expanded=\"false\"><i class=\"fas fa-info-circle\"><\/i><span class=\"w-tabs-item-title\">Ausstattung<\/span><\/button><button class=\"w-tabs-item with_icon\" aria-controls=\"content-u568\" aria-expanded=\"false\"><i class=\"fas fa-info-circle\"><\/i><span class=\"w-tabs-item-title\">Inbegriffene Leistungen<\/span><\/button><\/div><\/div><div class=\"w-tabs-sections titles-align_none icon_plus cpos_right\"><div class=\"w-tabs-section active\" id=\"p0d2\"><button class=\"w-tabs-section-header active\" aria-controls=\"content-p0d2\" aria-expanded=\"true\"><div class=\"w-tabs-section-title\">Beschreibung<\/div><div class=\"w-tabs-section-control\"><\/div><\/button><div  class=\"w-tabs-section-content\" id=\"content-p0d2\"><div class=\"w-tabs-section-content-h i-cf\"><div class=\"wpb_text_column us_custom_1f257949\"><div class=\"wpb_wrapper\"><p>Wohnung bestehend aus einem einigen Raum mit Schlafbereich, Wohnbereich mit K\u00fcchenecke und Schlafbett, Bad.<br \/>\nDie Wohnung hat einen Balkon und befindet sich im 1. und 2. Stock (im 2. Stock mit Holzbalken).<\/p>\n<\/div><\/div><\/div><\/div><\/div><div class=\"w-tabs-section\" id=\"s321\"><button class=\"w-tabs-section-header with_icon\" aria-controls=\"content-s321\" aria-expanded=\"false\"><i class=\"fas fa-info-circle\"><\/i><div class=\"w-tabs-section-title\">Ausstattung<\/div><div class=\"w-tabs-section-control\"><\/div><\/button><div  class=\"w-tabs-section-content\" id=\"content-s321\"><div class=\"w-tabs-section-content-h i-cf\"><div class=\"wpb_text_column\"><div class=\"wpb_wrapper\"><p>Wi-Fi, Smart-TV, Safe, Haartrockner und Klimaanlage. Ausgestattete K\u00fcche mit K\u00fchlschrank, Geschirrsp\u00fcler, Mikrowelle, Kochfeld und Kaffeepadmaschine.<br \/>\nEs werden keine Lebensmittel geliefert.<\/p>\n<\/div><\/div><\/div><\/div><\/div><div class=\"w-tabs-section\" id=\"u568\"><button class=\"w-tabs-section-header with_icon\" aria-controls=\"content-u568\" aria-expanded=\"false\"><i class=\"fas fa-info-circle\"><\/i><div class=\"w-tabs-section-title\">Inbegriffene Leistungen<\/div><div class=\"w-tabs-section-control\"><\/div><\/button><div  class=\"w-tabs-section-content\" id=\"content-u568\"><div class=\"w-tabs-section-content-h i-cf\"><div class=\"wpb_text_column\"><div class=\"wpb_wrapper\"><p>Endreinigung, Bettw\u00e4sche und Badw\u00e4sche werden bei Ankunft gegeben (Wechsel ist nicht inbegrifft), erst Toilettenset<br \/>\n(Shampoo und Toilettenpapier), Fahrradabstellraum, Au\u00dfenschwimmbad (April &#8211; Oktober), Infrarotsauna und Au\u00dfenwhirlpool (ganzj\u00e4hrig).<\/p>\n<\/div><\/div><\/div><\/div><\/div><\/div><\/div><\/div><\/div><div class=\"wpb_column vc_column_container\"><div class=\"vc_column-inner\"><div class=\"wpb_text_column us_custom_eb849559\"><div class=\"wpb_wrapper\"><h4>HIER BUCHEN<br \/>\nBester Online-Preis!<\/h4>\n<\/div><\/div><div class=\"w-btn-wrapper align_justify\"><a class=\"w-btn us-btn-style_1\" target=\"_blank\" rel=\"nofollow\" href=\"https:\/\/www.simplebooking.it\/ibe2\/hotel\/9407?lang=DE&amp;cur=EUR\"><span class=\"w-btn-label\">Mit Rabatt buchen<\/span><\/a><\/div><div class=\"w-btn-wrapper align_justify\"><a class=\"w-btn us-btn-style_6\" title=\"Richiesta Preventivo\" href=\"https:\/\/hotelalfrantoio.it\/de\/vorheriger-antrag\/\"><span class=\"w-btn-label\">Angebot anfragen<\/span><\/a><\/div><\/div><\/div><\/div><\/div><\/div><\/div><\/div><\/section><section class=\"l-section wpb_row us_custom_cfd749f0 height_medium\"><div class=\"l-section-h i-cf\"><div class=\"g-cols vc_row via_grid cols_1 laptops-cols_inherit tablets-cols_inherit mobiles-cols_1 valign_top type_default stacking_default\"><div class=\"wpb_column vc_column_container\"><div class=\"vc_column-inner\"><div class=\"g-cols wpb_row us_custom_85bd25bb via_grid cols_1-2 laptops-cols_inherit tablets-cols_inherit mobiles-cols_1 valign_bottom type_default reversed stacking_default\" style=\"--columns-gap:3rem;\"><div class=\"wpb_column vc_column_container us_custom_420aa973 has_bg_color\"><div class=\"vc_column-inner\"><div class=\"w-popup w-btn-wrapper align_right\"><button type=\"button\" aria-label=\"Planimetrie\" class=\"w-popup-trigger type_btn w-btn us-btn-style_10 icon_atleft\"><i class=\"fas fa-expand-arrows-alt\"><\/i><span class=\"w-btn-label\">Planimetrie<\/span><\/button><div class=\"w-popup-overlay\" style=\"background:rgba(0,0,0,0.85);\"><\/div><div class=\"w-popup-wrap layout_default\" role=\"dialog\" aria-modal=\"true\" aria-label=\"Planimetrie\" style=\"--title-color:var(--color-content-heading);--title-bg-color:var(--color-content-bg-alt);--content-color:var(--color-content-text);--content-bg-color:var(--color-content-bg);--popup-width:80%;--popup-padding:5%;\"><div class=\"w-popup-box animation_scaleUp closerpos_inside without_title\"><div class=\"w-popup-box-h\"><button aria-label=\"Close\" class=\"w-popup-closer\" type=\"button\"><\/button><div class=\"w-popup-box-content\"><p><img loading=\"lazy\" decoding=\"async\" class=\"alignnone size-full wp-image-1850\" src=\"https:\/\/hotelalfrantoio.it\/wp-content\/uploads\/2023\/12\/Bilocale-Comfort.jpg\" alt=\"\" width=\"1920\" height=\"1280\" srcset=\"https:\/\/hotelalfrantoio.it\/wp-content\/uploads\/2023\/12\/Bilocale-Comfort.jpg 1920w, https:\/\/hotelalfrantoio.it\/wp-content\/uploads\/2023\/12\/Bilocale-Comfort-300x200.jpg 300w, https:\/\/hotelalfrantoio.it\/wp-content\/uploads\/2023\/12\/Bilocale-Comfort-1024x683.jpg 1024w\" sizes=\"auto, (max-width: 1920px) 100vw, 1920px\" \/><\/p>\n<\/div><\/div><\/div><\/div><\/div><\/div><\/div><div class=\"wpb_column vc_column_container\"><div class=\"vc_column-inner\"><div class=\"w-slider us_custom_9cf479d2 style_none fit_contain nav_none has_border_radius count_8\"><div class=\"w-slider-h\"><div class=\"royalSlider\"><div class=\"rsContent\"><a class=\"rsImg\" data-rsw=\"1280\" data-rsh=\"900\" data-rsBigImg=\"https:\/\/hotelalfrantoio.it\/wp-content\/uploads\/2024\/07\/OND02891.jpg\" href=\"https:\/\/hotelalfrantoio.it\/wp-content\/uploads\/2024\/07\/OND02891-1280x900.jpg\"><span data-alt=\"\"><\/span><\/a><\/div><div class=\"rsContent\"><a class=\"rsImg\" data-rsw=\"1280\" data-rsh=\"900\" data-rsBigImg=\"https:\/\/hotelalfrantoio.it\/wp-content\/uploads\/2024\/07\/OND02896.jpg\" href=\"https:\/\/hotelalfrantoio.it\/wp-content\/uploads\/2024\/07\/OND02896-1280x900.jpg\"><span data-alt=\"\"><\/span><\/a><\/div><div class=\"rsContent\"><a class=\"rsImg\" data-rsw=\"1280\" data-rsh=\"900\" data-rsBigImg=\"https:\/\/hotelalfrantoio.it\/wp-content\/uploads\/2024\/07\/OND02902.jpg\" href=\"https:\/\/hotelalfrantoio.it\/wp-content\/uploads\/2024\/07\/OND02902-1280x900.jpg\"><span data-alt=\"\"><\/span><\/a><\/div><div class=\"rsContent\"><a class=\"rsImg\" data-rsw=\"1280\" data-rsh=\"900\" data-rsBigImg=\"https:\/\/hotelalfrantoio.it\/wp-content\/uploads\/2024\/07\/OND02945.jpg\" href=\"https:\/\/hotelalfrantoio.it\/wp-content\/uploads\/2024\/07\/OND02945-1280x900.jpg\"><span data-alt=\"\"><\/span><\/a><\/div><div class=\"rsContent\"><a class=\"rsImg\" data-rsw=\"1280\" data-rsh=\"900\" data-rsBigImg=\"https:\/\/hotelalfrantoio.it\/wp-content\/uploads\/2024\/07\/OND02907.jpg\" href=\"https:\/\/hotelalfrantoio.it\/wp-content\/uploads\/2024\/07\/OND02907-1280x900.jpg\"><span data-alt=\"\"><\/span><\/a><\/div><div class=\"rsContent\"><a class=\"rsImg\" data-rsw=\"1280\" data-rsh=\"900\" data-rsBigImg=\"https:\/\/hotelalfrantoio.it\/wp-content\/uploads\/2024\/07\/OND02985.jpg\" href=\"https:\/\/hotelalfrantoio.it\/wp-content\/uploads\/2024\/07\/OND02985-1280x900.jpg\"><span data-alt=\"\"><\/span><\/a><\/div><div class=\"rsContent\"><a class=\"rsImg\" data-rsw=\"1280\" data-rsh=\"900\" data-rsBigImg=\"https:\/\/hotelalfrantoio.it\/wp-content\/uploads\/2024\/07\/OND02992.jpg\" href=\"https:\/\/hotelalfrantoio.it\/wp-content\/uploads\/2024\/07\/OND02992-1280x900.jpg\"><span data-alt=\"\"><\/span><\/a><\/div><div class=\"rsContent\"><a class=\"rsImg\" data-rsw=\"1280\" data-rsh=\"900\" data-rsBigImg=\"https:\/\/hotelalfrantoio.it\/wp-content\/uploads\/2024\/07\/OND02929-scaled.jpg\" href=\"https:\/\/hotelalfrantoio.it\/wp-content\/uploads\/2024\/07\/OND02929-1280x900.jpg\"><span data-alt=\"\"><\/span><\/a><\/div><\/div><img decoding=\"async\" src=\"https:\/\/hotelalfrantoio.it\/wp-content\/uploads\/2024\/07\/OND02891-1280x900.jpg\" width=\"1280\" height=\"900\" alt loading=\"lazy\"><\/div><div class=\"w-slider-json\" onclick='return {&quot;autoScaleSlider&quot;:true,&quot;addActiveClass&quot;:true,&quot;loop&quot;:true,&quot;fadeInLoadedSlide&quot;:false,&quot;slidesSpacing&quot;:0,&quot;imageScalePadding&quot;:0,&quot;numImagesToPreload&quot;:2,&quot;arrowsNav&quot;:true,&quot;arrowsNavAutoHide&quot;:false,&quot;transitionType&quot;:&quot;fade&quot;,&quot;transitionSpeed&quot;:250,&quot;block&quot;:{&quot;moveEffect&quot;:&quot;none&quot;,&quot;speed&quot;:300},&quot;thumbs&quot;:{&quot;fitInViewport&quot;:false,&quot;firstMargin&quot;:false,&quot;spacing&quot;:4},&quot;controlNavigation&quot;:&quot;none&quot;,&quot;fullscreen&quot;:{&quot;enabled&quot;:true},&quot;autoScaleSliderWidth&quot;:1280,&quot;autoScaleSliderHeight&quot;:900}'><\/div><\/div><\/div><\/div><\/div><div class=\"w-separator size_medium\"><\/div><div class=\"wpb_text_column\"><div class=\"wpb_wrapper\"><h2>Zweizimmer- Wohnung Comfort<\/h2>\n<\/div><\/div><div class=\"wpb_text_column us_custom_a0b645f0 has_text_color\"><div class=\"wpb_wrapper\"><p>MAX 4 PERSON | Wohnungen mit kleinem Garten<\/p>\n<\/div><\/div><div class=\"w-image i100 align_none\"><div class=\"w-image-h\"><img decoding=\"async\" width=\"190\" height=\"10\" src=\"https:\/\/hotelalfrantoio.it\/wp-content\/uploads\/2021\/12\/linea-oriz-giallo.svg\" class=\"attachment-full size-full\" alt=\"\" loading=\"lazy\" \/><\/div><\/div><div class=\"g-cols wpb_row via_grid cols_3-1 laptops-cols_inherit tablets-cols_inherit mobiles-cols_1 valign_top type_default stacking_default\" style=\"--columns-gap:6rem;\"><div class=\"wpb_column vc_column_container\"><div class=\"vc_column-inner\"><div class=\"w-tabs layout_hor style_radio2 switch_click has_scrolling\" style=\"--sections-title-size:1em\"><div class=\"w-tabs-list items_3 align_none\"><div class=\"w-tabs-list-h\"><button class=\"w-tabs-item active defined-active\" aria-controls=\"content-c630\" aria-expanded=\"true\"><span class=\"w-tabs-item-title\">Beschreibung<\/span><\/button><button class=\"w-tabs-item with_icon\" aria-controls=\"content-p85e\" aria-expanded=\"false\"><i class=\"fas fa-info-circle\"><\/i><span class=\"w-tabs-item-title\">Ausstattung<\/span><\/button><button class=\"w-tabs-item with_icon\" aria-controls=\"content-za74\" aria-expanded=\"false\"><i class=\"fas fa-info-circle\"><\/i><span class=\"w-tabs-item-title\">Inbegriffene Leistungen<\/span><\/button><\/div><\/div><div class=\"w-tabs-sections titles-align_none icon_plus cpos_right\"><div class=\"w-tabs-section active\" id=\"c630\"><button class=\"w-tabs-section-header active\" aria-controls=\"content-c630\" aria-expanded=\"true\"><div class=\"w-tabs-section-title\">Beschreibung<\/div><div class=\"w-tabs-section-control\"><\/div><\/button><div  class=\"w-tabs-section-content\" id=\"content-c630\"><div class=\"w-tabs-section-content-h i-cf\"><div class=\"wpb_text_column us_custom_1f257949\"><div class=\"wpb_wrapper\"><p>Wohnung mit einem Schlafzimmer, Wohnzimmer mit K\u00fcchenecke und Sofabett, Bad.<br \/>\nDie Wohnung befindet sich im Erdgeschoss und hat einen kleinen Garten.<\/p>\n<\/div><\/div><\/div><\/div><\/div><div class=\"w-tabs-section\" id=\"p85e\"><button class=\"w-tabs-section-header with_icon\" aria-controls=\"content-p85e\" aria-expanded=\"false\"><i class=\"fas fa-info-circle\"><\/i><div class=\"w-tabs-section-title\">Ausstattung<\/div><div class=\"w-tabs-section-control\"><\/div><\/button><div  class=\"w-tabs-section-content\" id=\"content-p85e\"><div class=\"w-tabs-section-content-h i-cf\"><div class=\"wpb_text_column\"><div class=\"wpb_wrapper\"><p>Wi-Fi, Smart-TV, Safe, Haartrockner und Klimaanlage. Ausgestattete K\u00fcche mit K\u00fchlschrank, Geschirrsp\u00fcler, Mikrowelle, Kochfeld und Kaffeepadmaschine. Es werden keine Lebensmittel geliefert.<\/p>\n<\/div><\/div><\/div><\/div><\/div><div class=\"w-tabs-section\" id=\"za74\"><button class=\"w-tabs-section-header with_icon\" aria-controls=\"content-za74\" aria-expanded=\"false\"><i class=\"fas fa-info-circle\"><\/i><div class=\"w-tabs-section-title\">Inbegriffene Leistungen<\/div><div class=\"w-tabs-section-control\"><\/div><\/button><div  class=\"w-tabs-section-content\" id=\"content-za74\"><div class=\"w-tabs-section-content-h i-cf\"><div class=\"wpb_text_column\"><div class=\"wpb_wrapper\"><p>Endreinigung, Bettw\u00e4sche und Badw\u00e4sche werden bei Ankunft gegeben (Wechsel ist nicht inbegrifft), erst Toilettenset (Shampoo und Toilettenpapier), Fahrradabstellraum, Au\u00dfenschwimmbad (April &#8211; Oktober), Infrarotsauna und Au\u00dfenwhirlpool (ganzj\u00e4hrig).<\/p>\n<\/div><\/div><\/div><\/div><\/div><\/div><\/div><\/div><\/div><div class=\"wpb_column vc_column_container\"><div class=\"vc_column-inner\"><div class=\"wpb_text_column us_custom_eb849559\"><div class=\"wpb_wrapper\"><h4>HIER BUCHEN<br \/>\nBester Online-Preis!<\/h4>\n<\/div><\/div><div class=\"w-btn-wrapper align_justify\"><a class=\"w-btn us-btn-style_1\" target=\"_blank\" rel=\"nofollow\" href=\"https:\/\/www.simplebooking.it\/ibe2\/hotel\/9407?lang=DE&amp;cur=EUR\"><span class=\"w-btn-label\">Mit Rabatt buchen<\/span><\/a><\/div><div class=\"w-btn-wrapper align_justify\"><a class=\"w-btn us-btn-style_6\" title=\"Richiesta Preventivo\" href=\"https:\/\/hotelalfrantoio.it\/de\/vorheriger-antrag\/\"><span class=\"w-btn-label\">Angebot anfragen<\/span><\/a><\/div><\/div><\/div><\/div><\/div><\/div><\/div><\/div><\/section><section class=\"l-section wpb_row us_custom_cfd749f0 height_medium\"><div class=\"l-section-h i-cf\"><div class=\"g-cols vc_row via_grid cols_1 laptops-cols_inherit tablets-cols_inherit mobiles-cols_1 valign_top type_default stacking_default\"><div class=\"wpb_column vc_column_container\"><div class=\"vc_column-inner\"><div class=\"g-cols wpb_row us_custom_85bd25bb via_grid cols_1-2 laptops-cols_inherit tablets-cols_inherit mobiles-cols_1 valign_bottom type_default reversed stacking_default\" style=\"--columns-gap:3rem;\"><div class=\"wpb_column vc_column_container us_custom_d09326ff has_bg_color\"><div class=\"vc_column-inner\"><div class=\"w-popup w-btn-wrapper align_right\"><button type=\"button\" aria-label=\"Planimetrie\" class=\"w-popup-trigger type_btn w-btn us-btn-style_10 icon_atleft\"><i class=\"fas fa-expand-arrows-alt\"><\/i><span class=\"w-btn-label\">Planimetrie<\/span><\/button><div class=\"w-popup-overlay\" style=\"background:rgba(0,0,0,0.85);\"><\/div><div class=\"w-popup-wrap layout_default\" role=\"dialog\" aria-modal=\"true\" aria-label=\"Planimetrie\" style=\"--title-color:var(--color-content-heading);--title-bg-color:var(--color-content-bg-alt);--content-color:var(--color-content-text);--content-bg-color:var(--color-content-bg);--popup-width:80%;--popup-padding:5%;\"><div class=\"w-popup-box animation_scaleUp closerpos_inside without_title\"><div class=\"w-popup-box-h\"><button aria-label=\"Close\" class=\"w-popup-closer\" type=\"button\"><\/button><div class=\"w-popup-box-content\"><p><img loading=\"lazy\" decoding=\"async\" class=\"alignnone size-full wp-image-1856\" src=\"https:\/\/hotelalfrantoio.it\/wp-content\/uploads\/2023\/12\/Bilocale-Superior.jpg\" alt=\"\" width=\"1920\" height=\"1280\" srcset=\"https:\/\/hotelalfrantoio.it\/wp-content\/uploads\/2023\/12\/Bilocale-Superior.jpg 1920w, https:\/\/hotelalfrantoio.it\/wp-content\/uploads\/2023\/12\/Bilocale-Superior-300x200.jpg 300w, https:\/\/hotelalfrantoio.it\/wp-content\/uploads\/2023\/12\/Bilocale-Superior-1024x683.jpg 1024w\" sizes=\"auto, (max-width: 1920px) 100vw, 1920px\" \/><\/p>\n<\/div><\/div><\/div><\/div><\/div><\/div><\/div><div class=\"wpb_column vc_column_container\"><div class=\"vc_column-inner\"><div class=\"w-slider us_custom_9cf479d2 style_none fit_contain nav_none has_border_radius count_12\"><div class=\"w-slider-h\"><div class=\"royalSlider\"><div class=\"rsContent\"><a class=\"rsImg\" data-rsw=\"1280\" data-rsh=\"900\" data-rsBigImg=\"https:\/\/hotelalfrantoio.it\/wp-content\/uploads\/2024\/07\/OND09353.jpg\" href=\"https:\/\/hotelalfrantoio.it\/wp-content\/uploads\/2024\/07\/OND09353-1280x900.jpg\"><span data-alt=\"\"><\/span><\/a><\/div><div class=\"rsContent\"><a class=\"rsImg\" data-rsw=\"1280\" data-rsh=\"900\" data-rsBigImg=\"https:\/\/hotelalfrantoio.it\/wp-content\/uploads\/2024\/07\/OND09361.jpg\" href=\"https:\/\/hotelalfrantoio.it\/wp-content\/uploads\/2024\/07\/OND09361-1280x900.jpg\"><span data-alt=\"\"><\/span><\/a><\/div><div class=\"rsContent\"><a class=\"rsImg\" data-rsw=\"1280\" data-rsh=\"900\" data-rsBigImg=\"https:\/\/hotelalfrantoio.it\/wp-content\/uploads\/2024\/07\/OND09370.jpg\" href=\"https:\/\/hotelalfrantoio.it\/wp-content\/uploads\/2024\/07\/OND09370-1280x900.jpg\"><span data-alt=\"\"><\/span><\/a><\/div><div class=\"rsContent\"><a class=\"rsImg\" data-rsw=\"1280\" data-rsh=\"900\" data-rsBigImg=\"https:\/\/hotelalfrantoio.it\/wp-content\/uploads\/2024\/07\/OND09382.jpg\" href=\"https:\/\/hotelalfrantoio.it\/wp-content\/uploads\/2024\/07\/OND09382-1280x900.jpg\"><span data-alt=\"\"><\/span><\/a><\/div><div class=\"rsContent\"><a class=\"rsImg\" data-rsw=\"1280\" data-rsh=\"900\" data-rsBigImg=\"https:\/\/hotelalfrantoio.it\/wp-content\/uploads\/2024\/07\/OND09388.jpg\" href=\"https:\/\/hotelalfrantoio.it\/wp-content\/uploads\/2024\/07\/OND09388-1280x900.jpg\"><span data-alt=\"\"><\/span><\/a><\/div><div class=\"rsContent\"><a class=\"rsImg\" data-rsw=\"1280\" data-rsh=\"900\" data-rsBigImg=\"https:\/\/hotelalfrantoio.it\/wp-content\/uploads\/2024\/07\/OND09395.jpg\" href=\"https:\/\/hotelalfrantoio.it\/wp-content\/uploads\/2024\/07\/OND09395-1280x900.jpg\"><span data-alt=\"\"><\/span><\/a><\/div><div class=\"rsContent\"><a class=\"rsImg\" data-rsw=\"1280\" data-rsh=\"900\" data-rsBigImg=\"https:\/\/hotelalfrantoio.it\/wp-content\/uploads\/2024\/07\/OND09401.jpg\" href=\"https:\/\/hotelalfrantoio.it\/wp-content\/uploads\/2024\/07\/OND09401-1280x900.jpg\"><span data-alt=\"\"><\/span><\/a><\/div><div class=\"rsContent\"><a class=\"rsImg\" data-rsw=\"1280\" data-rsh=\"900\" data-rsBigImg=\"https:\/\/hotelalfrantoio.it\/wp-content\/uploads\/2024\/07\/OND09408.jpg\" href=\"https:\/\/hotelalfrantoio.it\/wp-content\/uploads\/2024\/07\/OND09408-1280x900.jpg\"><span data-alt=\"\"><\/span><\/a><\/div><div class=\"rsContent\"><a class=\"rsImg\" data-rsw=\"1280\" data-rsh=\"900\" data-rsBigImg=\"https:\/\/hotelalfrantoio.it\/wp-content\/uploads\/2024\/07\/OND09414.jpg\" href=\"https:\/\/hotelalfrantoio.it\/wp-content\/uploads\/2024\/07\/OND09414-1280x900.jpg\"><span data-alt=\"\"><\/span><\/a><\/div><div class=\"rsContent\"><a class=\"rsImg\" data-rsw=\"1280\" data-rsh=\"900\" data-rsBigImg=\"https:\/\/hotelalfrantoio.it\/wp-content\/uploads\/2024\/07\/OND09421-scaled.jpg\" href=\"https:\/\/hotelalfrantoio.it\/wp-content\/uploads\/2024\/07\/OND09421-1280x900.jpg\"><span data-alt=\"\"><\/span><\/a><\/div><div class=\"rsContent\"><a class=\"rsImg\" data-rsw=\"1280\" data-rsh=\"900\" data-rsBigImg=\"https:\/\/hotelalfrantoio.it\/wp-content\/uploads\/2024\/07\/OND09433.jpg\" href=\"https:\/\/hotelalfrantoio.it\/wp-content\/uploads\/2024\/07\/OND09433-1280x900.jpg\"><span data-alt=\"\"><\/span><\/a><\/div><div class=\"rsContent\"><a class=\"rsImg\" data-rsw=\"1280\" data-rsh=\"900\" data-rsBigImg=\"https:\/\/hotelalfrantoio.it\/wp-content\/uploads\/2024\/07\/OND09441.jpg\" href=\"https:\/\/hotelalfrantoio.it\/wp-content\/uploads\/2024\/07\/OND09441-1280x900.jpg\"><span data-alt=\"\"><\/span><\/a><\/div><\/div><img decoding=\"async\" src=\"https:\/\/hotelalfrantoio.it\/wp-content\/uploads\/2024\/07\/OND09353-1280x900.jpg\" width=\"1280\" height=\"900\" alt loading=\"lazy\"><\/div><div class=\"w-slider-json\" onclick='return {&quot;autoScaleSlider&quot;:true,&quot;addActiveClass&quot;:true,&quot;loop&quot;:true,&quot;fadeInLoadedSlide&quot;:false,&quot;slidesSpacing&quot;:0,&quot;imageScalePadding&quot;:0,&quot;numImagesToPreload&quot;:2,&quot;arrowsNav&quot;:true,&quot;arrowsNavAutoHide&quot;:false,&quot;transitionType&quot;:&quot;fade&quot;,&quot;transitionSpeed&quot;:250,&quot;block&quot;:{&quot;moveEffect&quot;:&quot;none&quot;,&quot;speed&quot;:300},&quot;thumbs&quot;:{&quot;fitInViewport&quot;:false,&quot;firstMargin&quot;:false,&quot;spacing&quot;:4},&quot;controlNavigation&quot;:&quot;none&quot;,&quot;fullscreen&quot;:{&quot;enabled&quot;:true},&quot;autoScaleSliderWidth&quot;:1280,&quot;autoScaleSliderHeight&quot;:900}'><\/div><\/div><\/div><\/div><\/div><div class=\"w-separator size_medium\"><\/div><div class=\"wpb_text_column\"><div class=\"wpb_wrapper\"><h2>Zweizimmer- Wohnung Superior<\/h2>\n<\/div><\/div><div class=\"wpb_text_column us_custom_a0b645f0 has_text_color\"><div class=\"wpb_wrapper\"><p>MAX 5 PERSON | Wohnungen mit Balkon oder kleinem Garten<\/p>\n<\/div><\/div><div class=\"w-image i100 align_none\"><div class=\"w-image-h\"><img decoding=\"async\" width=\"190\" height=\"10\" src=\"https:\/\/hotelalfrantoio.it\/wp-content\/uploads\/2021\/12\/linea-oriz-giallo.svg\" class=\"attachment-full size-full\" alt=\"\" loading=\"lazy\" \/><\/div><\/div><div class=\"g-cols wpb_row via_grid cols_3-1 laptops-cols_inherit tablets-cols_inherit mobiles-cols_1 valign_top type_default stacking_default\" style=\"--columns-gap:6rem;\"><div class=\"wpb_column vc_column_container\"><div class=\"vc_column-inner\"><div class=\"w-tabs layout_hor style_radio2 switch_click has_scrolling\" style=\"--sections-title-size:1em\"><div class=\"w-tabs-list items_3 align_none\"><div class=\"w-tabs-list-h\"><button class=\"w-tabs-item active defined-active\" aria-controls=\"content-u08b\" aria-expanded=\"true\"><span class=\"w-tabs-item-title\">Beschreibung<\/span><\/button><button class=\"w-tabs-item with_icon\" aria-controls=\"content-s383\" aria-expanded=\"false\"><i class=\"fas fa-info-circle\"><\/i><span class=\"w-tabs-item-title\">Ausstattung<\/span><\/button><button class=\"w-tabs-item with_icon\" aria-controls=\"content-v685\" aria-expanded=\"false\"><i class=\"fas fa-info-circle\"><\/i><span class=\"w-tabs-item-title\">Inbegriffene Leistungen<\/span><\/button><\/div><\/div><div class=\"w-tabs-sections titles-align_none icon_plus cpos_right\"><div class=\"w-tabs-section active\" id=\"u08b\"><button class=\"w-tabs-section-header active\" aria-controls=\"content-u08b\" aria-expanded=\"true\"><div class=\"w-tabs-section-title\">Beschreibung<\/div><div class=\"w-tabs-section-control\"><\/div><\/button><div  class=\"w-tabs-section-content\" id=\"content-u08b\"><div class=\"w-tabs-section-content-h i-cf\"><div class=\"wpb_text_column us_custom_1f257949\"><div class=\"wpb_wrapper\"><p>Wohnung mit einem Schlafzimmer, Wohnzimmer mit K\u00fcchenecke und Sofabett, Bad. Die Wohnung hat einen Balkon oder einen kleinen Garten.<br \/>\nDie Wohnung befindet sich im Erdgeschoss, 1. und 2. Stock (im 2. Stock mit Holzbalken).<\/p>\n<\/div><\/div><\/div><\/div><\/div><div class=\"w-tabs-section\" id=\"s383\"><button class=\"w-tabs-section-header with_icon\" aria-controls=\"content-s383\" aria-expanded=\"false\"><i class=\"fas fa-info-circle\"><\/i><div class=\"w-tabs-section-title\">Ausstattung<\/div><div class=\"w-tabs-section-control\"><\/div><\/button><div  class=\"w-tabs-section-content\" id=\"content-s383\"><div class=\"w-tabs-section-content-h i-cf\"><div class=\"wpb_text_column\"><div class=\"wpb_wrapper\"><p>Wi-Fi, Smart-TV, Safe, Haartrockner und Klimaanlage. Ausgestattete K\u00fcche mit K\u00fchlschrank, Geschirrsp\u00fcler, Mikrowelle, Kochfeld und Kaffeepadmaschine. Es werden keine Lebensmittel geliefert.<\/p>\n<\/div><\/div><\/div><\/div><\/div><div class=\"w-tabs-section\" id=\"v685\"><button class=\"w-tabs-section-header with_icon\" aria-controls=\"content-v685\" aria-expanded=\"false\"><i class=\"fas fa-info-circle\"><\/i><div class=\"w-tabs-section-title\">Inbegriffene Leistungen<\/div><div class=\"w-tabs-section-control\"><\/div><\/button><div  class=\"w-tabs-section-content\" id=\"content-v685\"><div class=\"w-tabs-section-content-h i-cf\"><div class=\"wpb_text_column\"><div class=\"wpb_wrapper\"><p>Endreinigung, Bettw\u00e4sche und Badw\u00e4sche werden bei Ankunft gegeben (Wechsel ist nicht inbegrifft), erst Toilettenset (Shampoo und Toilettenpapier), Fahrradabstellraum, Au\u00dfenschwimmbad (April &#8211; Oktober), Infrarotsauna und Au\u00dfenwhirlpool (ganzj\u00e4hrig).<\/p>\n<\/div><\/div><\/div><\/div><\/div><\/div><\/div><\/div><\/div><div class=\"wpb_column vc_column_container\"><div class=\"vc_column-inner\"><div class=\"wpb_text_column us_custom_eb849559\"><div class=\"wpb_wrapper\"><h4>HIER BUCHEN<br \/>\nBester Online-Preis!<\/h4>\n<\/div><\/div><div class=\"w-btn-wrapper align_justify\"><a class=\"w-btn us-btn-style_1\" target=\"_blank\" rel=\"nofollow\" href=\"https:\/\/www.simplebooking.it\/ibe2\/hotel\/9407?lang=DE&amp;cur=EUR\"><span class=\"w-btn-label\">Mit Rabatt buchen<\/span><\/a><\/div><div class=\"w-btn-wrapper align_justify\"><a class=\"w-btn us-btn-style_6\" title=\"Richiesta Preventivo\" href=\"https:\/\/hotelalfrantoio.it\/de\/vorheriger-antrag\/\"><span class=\"w-btn-label\">Angebot anfragen<\/span><\/a><\/div><\/div><\/div><\/div><\/div><\/div><\/div><\/div><\/section><section class=\"l-section wpb_row us_custom_cfd749f0 height_medium\"><div class=\"l-section-h i-cf\"><div class=\"g-cols vc_row via_grid cols_1 laptops-cols_inherit tablets-cols_inherit mobiles-cols_1 valign_top type_default stacking_default\"><div class=\"wpb_column vc_column_container\"><div class=\"vc_column-inner\"><div class=\"g-cols wpb_row us_custom_85bd25bb via_grid cols_1-2 laptops-cols_inherit tablets-cols_inherit mobiles-cols_1 valign_bottom type_default reversed stacking_default\" style=\"--columns-gap:3rem;\"><div class=\"wpb_column vc_column_container us_custom_93859d49 has_bg_color\"><div class=\"vc_column-inner\"><div class=\"w-popup w-btn-wrapper align_right\"><button type=\"button\" aria-label=\"Planimetrie\" class=\"w-popup-trigger type_btn w-btn us-btn-style_10 icon_atleft\"><i class=\"fas fa-expand-arrows-alt\"><\/i><span class=\"w-btn-label\">Planimetrie<\/span><\/button><div class=\"w-popup-overlay\" style=\"background:rgba(0,0,0,0.85);\"><\/div><div class=\"w-popup-wrap layout_default\" role=\"dialog\" aria-modal=\"true\" aria-label=\"Planimetrie\" style=\"--title-color:var(--color-content-heading);--title-bg-color:var(--color-content-bg-alt);--content-color:var(--color-content-text);--content-bg-color:var(--color-content-bg);--popup-width:80%;--popup-padding:5%;\"><div class=\"w-popup-box animation_scaleUp closerpos_inside without_title\"><div class=\"w-popup-box-h\"><button aria-label=\"Close\" class=\"w-popup-closer\" type=\"button\"><\/button><div class=\"w-popup-box-content\"><p><img loading=\"lazy\" decoding=\"async\" class=\"alignnone size-full wp-image-1853\" src=\"https:\/\/hotelalfrantoio.it\/wp-content\/uploads\/2023\/12\/Bilocale-Deluxe.jpg\" alt=\"\" width=\"1920\" height=\"1280\" srcset=\"https:\/\/hotelalfrantoio.it\/wp-content\/uploads\/2023\/12\/Bilocale-Deluxe.jpg 1920w, https:\/\/hotelalfrantoio.it\/wp-content\/uploads\/2023\/12\/Bilocale-Deluxe-300x200.jpg 300w, https:\/\/hotelalfrantoio.it\/wp-content\/uploads\/2023\/12\/Bilocale-Deluxe-1024x683.jpg 1024w\" sizes=\"auto, (max-width: 1920px) 100vw, 1920px\" \/><\/p>\n<\/div><\/div><\/div><\/div><\/div><\/div><\/div><div class=\"wpb_column vc_column_container\"><div class=\"vc_column-inner\"><div class=\"w-slider us_custom_9cf479d2 style_none fit_contain nav_none has_border_radius count_9\"><div class=\"w-slider-h\"><div class=\"royalSlider\"><div class=\"rsContent\"><a class=\"rsImg\" data-rsw=\"1280\" data-rsh=\"900\" data-rsBigImg=\"https:\/\/hotelalfrantoio.it\/wp-content\/uploads\/2024\/07\/OND00093.jpg\" href=\"https:\/\/hotelalfrantoio.it\/wp-content\/uploads\/2024\/07\/OND00093-1280x900.jpg\"><span data-alt=\"\"><\/span><\/a><\/div><div class=\"rsContent\"><a class=\"rsImg\" data-rsw=\"1280\" data-rsh=\"900\" data-rsBigImg=\"https:\/\/hotelalfrantoio.it\/wp-content\/uploads\/2024\/07\/OND00100.jpg\" href=\"https:\/\/hotelalfrantoio.it\/wp-content\/uploads\/2024\/07\/OND00100-1280x900.jpg\"><span data-alt=\"\"><\/span><\/a><\/div><div class=\"rsContent\"><a class=\"rsImg\" data-rsw=\"1280\" data-rsh=\"900\" data-rsBigImg=\"https:\/\/hotelalfrantoio.it\/wp-content\/uploads\/2024\/07\/OND00107.jpg\" href=\"https:\/\/hotelalfrantoio.it\/wp-content\/uploads\/2024\/07\/OND00107-1280x900.jpg\"><span data-alt=\"\"><\/span><\/a><\/div><div class=\"rsContent\"><a class=\"rsImg\" data-rsw=\"1280\" data-rsh=\"900\" data-rsBigImg=\"https:\/\/hotelalfrantoio.it\/wp-content\/uploads\/2024\/07\/OND00113.jpg\" href=\"https:\/\/hotelalfrantoio.it\/wp-content\/uploads\/2024\/07\/OND00113-1280x900.jpg\"><span data-alt=\"\"><\/span><\/a><\/div><div class=\"rsContent\"><a class=\"rsImg\" data-rsw=\"1280\" data-rsh=\"900\" data-rsBigImg=\"https:\/\/hotelalfrantoio.it\/wp-content\/uploads\/2024\/07\/OND00120.jpg\" href=\"https:\/\/hotelalfrantoio.it\/wp-content\/uploads\/2024\/07\/OND00120-1280x900.jpg\"><span data-alt=\"\"><\/span><\/a><\/div><div class=\"rsContent\"><a class=\"rsImg\" data-rsw=\"1280\" data-rsh=\"900\" data-rsBigImg=\"https:\/\/hotelalfrantoio.it\/wp-content\/uploads\/2024\/07\/OND00126.jpg\" href=\"https:\/\/hotelalfrantoio.it\/wp-content\/uploads\/2024\/07\/OND00126-1280x900.jpg\"><span data-alt=\"\"><\/span><\/a><\/div><div class=\"rsContent\"><a class=\"rsImg\" data-rsw=\"1280\" data-rsh=\"900\" data-rsBigImg=\"https:\/\/hotelalfrantoio.it\/wp-content\/uploads\/2024\/07\/OND00132.jpg\" href=\"https:\/\/hotelalfrantoio.it\/wp-content\/uploads\/2024\/07\/OND00132-1280x900.jpg\"><span data-alt=\"\"><\/span><\/a><\/div><div class=\"rsContent\"><a class=\"rsImg\" data-rsw=\"1280\" data-rsh=\"900\" data-rsBigImg=\"https:\/\/hotelalfrantoio.it\/wp-content\/uploads\/2024\/07\/OND03036.jpg\" href=\"https:\/\/hotelalfrantoio.it\/wp-content\/uploads\/2024\/07\/OND03036-1280x900.jpg\"><span data-alt=\"\"><\/span><\/a><\/div><div class=\"rsContent\"><a class=\"rsImg\" data-rsw=\"1280\" data-rsh=\"900\" data-rsBigImg=\"https:\/\/hotelalfrantoio.it\/wp-content\/uploads\/2024\/07\/OND03030.jpg\" href=\"https:\/\/hotelalfrantoio.it\/wp-content\/uploads\/2024\/07\/OND03030-1280x900.jpg\"><span data-alt=\"\"><\/span><\/a><\/div><\/div><img decoding=\"async\" src=\"https:\/\/hotelalfrantoio.it\/wp-content\/uploads\/2024\/07\/OND00093-1280x900.jpg\" width=\"1280\" height=\"900\" alt loading=\"lazy\"><\/div><div class=\"w-slider-json\" onclick='return {&quot;autoScaleSlider&quot;:true,&quot;addActiveClass&quot;:true,&quot;loop&quot;:true,&quot;fadeInLoadedSlide&quot;:false,&quot;slidesSpacing&quot;:0,&quot;imageScalePadding&quot;:0,&quot;numImagesToPreload&quot;:2,&quot;arrowsNav&quot;:true,&quot;arrowsNavAutoHide&quot;:false,&quot;transitionType&quot;:&quot;fade&quot;,&quot;transitionSpeed&quot;:250,&quot;block&quot;:{&quot;moveEffect&quot;:&quot;none&quot;,&quot;speed&quot;:300},&quot;thumbs&quot;:{&quot;fitInViewport&quot;:false,&quot;firstMargin&quot;:false,&quot;spacing&quot;:4},&quot;controlNavigation&quot;:&quot;none&quot;,&quot;fullscreen&quot;:{&quot;enabled&quot;:true},&quot;autoScaleSliderWidth&quot;:1280,&quot;autoScaleSliderHeight&quot;:900}'><\/div><\/div><\/div><\/div><\/div><div class=\"w-separator size_medium\"><\/div><div class=\"wpb_text_column\"><div class=\"wpb_wrapper\"><h2>Zweizimmer- Wohnung Deluxe<\/h2>\n<\/div><\/div><div class=\"wpb_text_column us_custom_a0b645f0 has_text_color\"><div class=\"wpb_wrapper\"><p>MAX 4 PERSON | Wohnungen mit Balkon oder kleinem Garten<\/p>\n<\/div><\/div><div class=\"w-image i100 align_none\"><div class=\"w-image-h\"><img decoding=\"async\" width=\"190\" height=\"10\" src=\"https:\/\/hotelalfrantoio.it\/wp-content\/uploads\/2021\/12\/linea-oriz-giallo.svg\" class=\"attachment-full size-full\" alt=\"\" loading=\"lazy\" \/><\/div><\/div><div class=\"g-cols wpb_row via_grid cols_3-1 laptops-cols_inherit tablets-cols_inherit mobiles-cols_1 valign_top type_default stacking_default\" style=\"--columns-gap:6rem;\"><div class=\"wpb_column vc_column_container\"><div class=\"vc_column-inner\"><div class=\"w-tabs layout_hor style_radio2 switch_click has_scrolling\" style=\"--sections-title-size:1em\"><div class=\"w-tabs-list items_3 align_none\"><div class=\"w-tabs-list-h\"><button class=\"w-tabs-item active defined-active\" aria-controls=\"content-c199\" aria-expanded=\"true\"><span class=\"w-tabs-item-title\">Beschreibung<\/span><\/button><button class=\"w-tabs-item with_icon\" aria-controls=\"content-t774\" aria-expanded=\"false\"><i class=\"fas fa-info-circle\"><\/i><span class=\"w-tabs-item-title\">Ausstattung<\/span><\/button><button class=\"w-tabs-item with_icon\" aria-controls=\"content-qd02\" aria-expanded=\"false\"><i class=\"fas fa-info-circle\"><\/i><span class=\"w-tabs-item-title\">Inbegriffene Leistungen<\/span><\/button><\/div><\/div><div class=\"w-tabs-sections titles-align_none icon_plus cpos_right\"><div class=\"w-tabs-section active\" id=\"c199\"><button class=\"w-tabs-section-header active\" aria-controls=\"content-c199\" aria-expanded=\"true\"><div class=\"w-tabs-section-title\">Beschreibung<\/div><div class=\"w-tabs-section-control\"><\/div><\/button><div  class=\"w-tabs-section-content\" id=\"content-c199\"><div class=\"w-tabs-section-content-h i-cf\"><div class=\"wpb_text_column us_custom_1f257949\"><div class=\"wpb_wrapper\"><p>Wohnung mit einem Schlafzimmer, Wohnzimmer mit K\u00fcchenecke und Sofabett, Bad. Die Wohnung hat einen Balkon oder einen kleinen Garten.<br \/>\nDie Wohnung befindet sich im Erdgeschoss, 1. und 2. Stock (im 2. Stock mit Holzbalken).<\/p>\n<\/div><\/div><\/div><\/div><\/div><div class=\"w-tabs-section\" id=\"t774\"><button class=\"w-tabs-section-header with_icon\" aria-controls=\"content-t774\" aria-expanded=\"false\"><i class=\"fas fa-info-circle\"><\/i><div class=\"w-tabs-section-title\">Ausstattung<\/div><div class=\"w-tabs-section-control\"><\/div><\/button><div  class=\"w-tabs-section-content\" id=\"content-t774\"><div class=\"w-tabs-section-content-h i-cf\"><div class=\"wpb_text_column\"><div class=\"wpb_wrapper\"><p>Wi-Fi, Smart-TV, Safe, Haartrockner und Klimaanlage. Ausgestattete K\u00fcche mit K\u00fchlschrank, Geschirrsp\u00fcler, Mikrowelle, Kochfeld und Kaffeepadmaschine. Es werden keine Lebensmittel geliefert.<\/p>\n<\/div><\/div><\/div><\/div><\/div><div class=\"w-tabs-section\" id=\"qd02\"><button class=\"w-tabs-section-header with_icon\" aria-controls=\"content-qd02\" aria-expanded=\"false\"><i class=\"fas fa-info-circle\"><\/i><div class=\"w-tabs-section-title\">Inbegriffene Leistungen<\/div><div class=\"w-tabs-section-control\"><\/div><\/button><div  class=\"w-tabs-section-content\" id=\"content-qd02\"><div class=\"w-tabs-section-content-h i-cf\"><div class=\"wpb_text_column\"><div class=\"wpb_wrapper\"><p>Endreinigung, Bettw\u00e4sche und Badw\u00e4sche werden bei Ankunft gegeben (Wechsel ist nicht inbegrifft), erst Toilettenset (Shampoo und Toilettenpapier), Fahrradabstellraum, Au\u00dfenschwimmbad (April &#8211; Oktober), Infrarotsauna und Au\u00dfenwhirlpool (ganzj\u00e4hrig).<\/p>\n<\/div><\/div><\/div><\/div><\/div><\/div><\/div><\/div><\/div><div class=\"wpb_column vc_column_container\"><div class=\"vc_column-inner\"><div class=\"wpb_text_column us_custom_eb849559\"><div class=\"wpb_wrapper\"><h4>HIER BUCHEN<br \/>\nBester Online-Preis!<\/h4>\n<\/div><\/div><div class=\"w-btn-wrapper align_justify\"><a class=\"w-btn us-btn-style_1\" target=\"_blank\" rel=\"nofollow\" href=\"https:\/\/www.simplebooking.it\/ibe2\/hotel\/9407?lang=DE&amp;cur=EUR\"><span class=\"w-btn-label\">Mit Rabatt buchen<\/span><\/a><\/div><div class=\"w-btn-wrapper align_justify\"><a class=\"w-btn us-btn-style_6\" title=\"Richiesta Preventivo\" href=\"https:\/\/hotelalfrantoio.it\/de\/vorheriger-antrag\/\"><span class=\"w-btn-label\">Angebot anfragen<\/span><\/a><\/div><\/div><\/div><\/div><\/div><\/div><\/div><\/div><\/section><section class=\"l-section wpb_row us_custom_cfd749f0 height_medium\"><div class=\"l-section-h i-cf\"><div class=\"g-cols vc_row via_grid cols_1 laptops-cols_inherit tablets-cols_inherit mobiles-cols_1 valign_top type_default stacking_default\"><div class=\"wpb_column vc_column_container\"><div class=\"vc_column-inner\"><div class=\"g-cols wpb_row us_custom_85bd25bb via_grid cols_1-2 laptops-cols_inherit tablets-cols_inherit mobiles-cols_1 valign_bottom type_default reversed stacking_default\" style=\"--columns-gap:3rem;\"><div class=\"wpb_column vc_column_container us_custom_4fa4c565 has_bg_color\"><div class=\"vc_column-inner\"><div class=\"w-popup w-btn-wrapper align_right\"><button type=\"button\" aria-label=\"Planimetrie\" class=\"w-popup-trigger type_btn w-btn us-btn-style_10 icon_atleft\"><i class=\"fas fa-expand-arrows-alt\"><\/i><span class=\"w-btn-label\">Planimetrie<\/span><\/button><div class=\"w-popup-overlay\" style=\"background:rgba(0,0,0,0.85);\"><\/div><div class=\"w-popup-wrap layout_default\" role=\"dialog\" aria-modal=\"true\" aria-label=\"Planimetrie\" style=\"--title-color:var(--color-content-heading);--title-bg-color:var(--color-content-bg-alt);--content-color:var(--color-content-text);--content-bg-color:var(--color-content-bg);--popup-width:80%;--popup-padding:5%;\"><div class=\"w-popup-box animation_scaleUp closerpos_inside without_title\"><div class=\"w-popup-box-h\"><button aria-label=\"Close\" class=\"w-popup-closer\" type=\"button\"><\/button><div class=\"w-popup-box-content\"><p><img loading=\"lazy\" decoding=\"async\" class=\"alignnone size-full wp-image-1862\" src=\"https:\/\/hotelalfrantoio.it\/wp-content\/uploads\/2023\/12\/Trilocale-Deluxe.jpg\" alt=\"\" width=\"1920\" height=\"1280\" srcset=\"https:\/\/hotelalfrantoio.it\/wp-content\/uploads\/2023\/12\/Trilocale-Deluxe.jpg 1920w, https:\/\/hotelalfrantoio.it\/wp-content\/uploads\/2023\/12\/Trilocale-Deluxe-300x200.jpg 300w, https:\/\/hotelalfrantoio.it\/wp-content\/uploads\/2023\/12\/Trilocale-Deluxe-1024x683.jpg 1024w\" sizes=\"auto, (max-width: 1920px) 100vw, 1920px\" \/><\/p>\n<\/div><\/div><\/div><\/div><\/div><\/div><\/div><div class=\"wpb_column vc_column_container\"><div class=\"vc_column-inner\"><div class=\"w-slider us_custom_9cf479d2 style_none fit_contain nav_none has_border_radius count_11\"><div class=\"w-slider-h\"><div class=\"royalSlider\"><div class=\"rsContent\"><a class=\"rsImg\" data-rsw=\"1280\" data-rsh=\"900\" data-rsBigImg=\"https:\/\/hotelalfrantoio.it\/wp-content\/uploads\/2024\/07\/OND09873.jpg\" href=\"https:\/\/hotelalfrantoio.it\/wp-content\/uploads\/2024\/07\/OND09873-1280x900.jpg\"><span data-alt=\"\"><\/span><\/a><\/div><div class=\"rsContent\"><a class=\"rsImg\" data-rsw=\"1280\" data-rsh=\"900\" data-rsBigImg=\"https:\/\/hotelalfrantoio.it\/wp-content\/uploads\/2024\/07\/OND09893.jpg\" href=\"https:\/\/hotelalfrantoio.it\/wp-content\/uploads\/2024\/07\/OND09893-1280x900.jpg\"><span data-alt=\"\"><\/span><\/a><\/div><div class=\"rsContent\"><a class=\"rsImg\" data-rsw=\"1280\" data-rsh=\"900\" data-rsBigImg=\"https:\/\/hotelalfrantoio.it\/wp-content\/uploads\/2024\/07\/OND09879.jpg\" href=\"https:\/\/hotelalfrantoio.it\/wp-content\/uploads\/2024\/07\/OND09879-1280x900.jpg\"><span data-alt=\"\"><\/span><\/a><\/div><div class=\"rsContent\"><a class=\"rsImg\" data-rsw=\"1280\" data-rsh=\"900\" data-rsBigImg=\"https:\/\/hotelalfrantoio.it\/wp-content\/uploads\/2024\/07\/OND09912.jpg\" href=\"https:\/\/hotelalfrantoio.it\/wp-content\/uploads\/2024\/07\/OND09912-1280x900.jpg\"><span data-alt=\"\"><\/span><\/a><\/div><div class=\"rsContent\"><a class=\"rsImg\" data-rsw=\"1280\" data-rsh=\"900\" data-rsBigImg=\"https:\/\/hotelalfrantoio.it\/wp-content\/uploads\/2024\/07\/OND09921.jpg\" href=\"https:\/\/hotelalfrantoio.it\/wp-content\/uploads\/2024\/07\/OND09921-1280x900.jpg\"><span data-alt=\"\"><\/span><\/a><\/div><div class=\"rsContent\"><a class=\"rsImg\" data-rsw=\"1280\" data-rsh=\"900\" data-rsBigImg=\"https:\/\/hotelalfrantoio.it\/wp-content\/uploads\/2024\/07\/OND09927.jpg\" href=\"https:\/\/hotelalfrantoio.it\/wp-content\/uploads\/2024\/07\/OND09927-1280x900.jpg\"><span data-alt=\"\"><\/span><\/a><\/div><div class=\"rsContent\"><a class=\"rsImg\" data-rsw=\"1280\" data-rsh=\"900\" data-rsBigImg=\"https:\/\/hotelalfrantoio.it\/wp-content\/uploads\/2024\/07\/OND09900.jpg\" href=\"https:\/\/hotelalfrantoio.it\/wp-content\/uploads\/2024\/07\/OND09900-1280x900.jpg\"><span data-alt=\"\"><\/span><\/a><\/div><div class=\"rsContent\"><a class=\"rsImg\" data-rsw=\"1280\" data-rsh=\"900\" data-rsBigImg=\"https:\/\/hotelalfrantoio.it\/wp-content\/uploads\/2024\/07\/OND09863.jpg\" href=\"https:\/\/hotelalfrantoio.it\/wp-content\/uploads\/2024\/07\/OND09863-1280x900.jpg\"><span data-alt=\"\"><\/span><\/a><\/div><div class=\"rsContent\"><a class=\"rsImg\" data-rsw=\"1280\" data-rsh=\"900\" data-rsBigImg=\"https:\/\/hotelalfrantoio.it\/wp-content\/uploads\/2024\/07\/OND09933.jpg\" href=\"https:\/\/hotelalfrantoio.it\/wp-content\/uploads\/2024\/07\/OND09933-1280x900.jpg\"><span data-alt=\"\"><\/span><\/a><\/div><div class=\"rsContent\"><a class=\"rsImg\" data-rsw=\"1280\" data-rsh=\"900\" data-rsBigImg=\"https:\/\/hotelalfrantoio.it\/wp-content\/uploads\/2024\/07\/OND09942.jpg\" href=\"https:\/\/hotelalfrantoio.it\/wp-content\/uploads\/2024\/07\/OND09942-1280x900.jpg\"><span data-alt=\"\"><\/span><\/a><\/div><div class=\"rsContent\"><a class=\"rsImg\" data-rsw=\"1280\" data-rsh=\"900\" data-rsBigImg=\"https:\/\/hotelalfrantoio.it\/wp-content\/uploads\/2024\/07\/OND09948.jpg\" href=\"https:\/\/hotelalfrantoio.it\/wp-content\/uploads\/2024\/07\/OND09948-1280x900.jpg\"><span data-alt=\"\"><\/span><\/a><\/div><\/div><img decoding=\"async\" src=\"https:\/\/hotelalfrantoio.it\/wp-content\/uploads\/2024\/07\/OND09873-1280x900.jpg\" width=\"1280\" height=\"900\" alt loading=\"lazy\"><\/div><div class=\"w-slider-json\" onclick='return {&quot;autoScaleSlider&quot;:true,&quot;addActiveClass&quot;:true,&quot;loop&quot;:true,&quot;fadeInLoadedSlide&quot;:false,&quot;slidesSpacing&quot;:0,&quot;imageScalePadding&quot;:0,&quot;numImagesToPreload&quot;:2,&quot;arrowsNav&quot;:true,&quot;arrowsNavAutoHide&quot;:false,&quot;transitionType&quot;:&quot;fade&quot;,&quot;transitionSpeed&quot;:250,&quot;block&quot;:{&quot;moveEffect&quot;:&quot;none&quot;,&quot;speed&quot;:300},&quot;thumbs&quot;:{&quot;fitInViewport&quot;:false,&quot;firstMargin&quot;:false,&quot;spacing&quot;:4},&quot;controlNavigation&quot;:&quot;none&quot;,&quot;fullscreen&quot;:{&quot;enabled&quot;:true},&quot;autoScaleSliderWidth&quot;:1280,&quot;autoScaleSliderHeight&quot;:900}'><\/div><\/div><\/div><\/div><\/div><div class=\"w-separator size_medium\"><\/div><div class=\"wpb_text_column\"><div class=\"wpb_wrapper\"><h2>Dreizimmer- Wohnung Deluxe<\/h2>\n<\/div><\/div><div class=\"wpb_text_column us_custom_a0b645f0 has_text_color\"><div class=\"wpb_wrapper\"><p>MAX 5 PERSON | bei der Buchung k\u00f6nnen Sie die Wohnung im 1. Stock mit Balkon oder im 2. Stock mit Sichtbalken ohne Balkon w\u00e4hlen<\/p>\n<\/div><\/div><div class=\"w-image i100 align_none\"><div class=\"w-image-h\"><img decoding=\"async\" width=\"190\" height=\"10\" src=\"https:\/\/hotelalfrantoio.it\/wp-content\/uploads\/2021\/12\/linea-oriz-giallo.svg\" class=\"attachment-full size-full\" alt=\"\" loading=\"lazy\" \/><\/div><\/div><div class=\"g-cols wpb_row via_grid cols_3-1 laptops-cols_inherit tablets-cols_inherit mobiles-cols_1 valign_top type_default stacking_default\" style=\"--columns-gap:6rem;\"><div class=\"wpb_column vc_column_container\"><div class=\"vc_column-inner\"><div class=\"w-tabs layout_hor style_radio2 switch_click has_scrolling\" style=\"--sections-title-size:1em\"><div class=\"w-tabs-list items_3 align_none\"><div class=\"w-tabs-list-h\"><button class=\"w-tabs-item active defined-active\" aria-controls=\"content-fbf5\" aria-expanded=\"true\"><span class=\"w-tabs-item-title\">Beschreibung<\/span><\/button><button class=\"w-tabs-item with_icon\" aria-controls=\"content-neaa\" aria-expanded=\"false\"><i class=\"fas fa-info-circle\"><\/i><span class=\"w-tabs-item-title\">Ausstattung<\/span><\/button><button class=\"w-tabs-item with_icon\" aria-controls=\"content-x147\" aria-expanded=\"false\"><i class=\"fas fa-info-circle\"><\/i><span class=\"w-tabs-item-title\">Inbegriffene Leistungen<\/span><\/button><\/div><\/div><div class=\"w-tabs-sections titles-align_none icon_plus cpos_right\"><div class=\"w-tabs-section active\" id=\"fbf5\"><button class=\"w-tabs-section-header active\" aria-controls=\"content-fbf5\" aria-expanded=\"true\"><div class=\"w-tabs-section-title\">Beschreibung<\/div><div class=\"w-tabs-section-control\"><\/div><\/button><div  class=\"w-tabs-section-content\" id=\"content-fbf5\"><div class=\"w-tabs-section-content-h i-cf\"><div class=\"wpb_text_column us_custom_1f257949\"><div class=\"wpb_wrapper\"><p>Wohnung mit zwei Schlafzimmer, Wohnzimmer mit K\u00fcchenecke und Sofabett, Bad.<br \/>\nBei der Buchung k\u00f6nnen Sie die Wohnung mit oder ohne Balkon w\u00e4hlen. Die Wohnung befindet sich im 1. und 2. Stock (im 2. Stock mit Holzbalken).<\/p>\n<\/div><\/div><\/div><\/div><\/div><div class=\"w-tabs-section\" id=\"neaa\"><button class=\"w-tabs-section-header with_icon\" aria-controls=\"content-neaa\" aria-expanded=\"false\"><i class=\"fas fa-info-circle\"><\/i><div class=\"w-tabs-section-title\">Ausstattung<\/div><div class=\"w-tabs-section-control\"><\/div><\/button><div  class=\"w-tabs-section-content\" id=\"content-neaa\"><div class=\"w-tabs-section-content-h i-cf\"><div class=\"wpb_text_column\"><div class=\"wpb_wrapper\"><p>Wi-Fi, Smart-TV, Safe, Haartrockner und Klimaanlage. Ausgestattete K\u00fcche mit K\u00fchlschrank, Geschirrsp\u00fcler, Mikrowelle, Kochfeld und Kaffeepadmaschine. Es werden keine Lebensmittel geliefert.<\/p>\n<\/div><\/div><\/div><\/div><\/div><div class=\"w-tabs-section\" id=\"x147\"><button class=\"w-tabs-section-header with_icon\" aria-controls=\"content-x147\" aria-expanded=\"false\"><i class=\"fas fa-info-circle\"><\/i><div class=\"w-tabs-section-title\">Inbegriffene Leistungen<\/div><div class=\"w-tabs-section-control\"><\/div><\/button><div  class=\"w-tabs-section-content\" id=\"content-x147\"><div class=\"w-tabs-section-content-h i-cf\"><div class=\"wpb_text_column\"><div class=\"wpb_wrapper\"><p>Endreinigung, Bettw\u00e4sche und Badw\u00e4sche werden bei Ankunft gegeben (Wechsel ist nicht inbegrifft), erst Toilettenset (Shampoo und Toilettenpapier), Fahrradabstellraum, Au\u00dfenschwimmbad (April &#8211; Oktober), Infrarotsauna und Au\u00dfenwhirlpool (ganzj\u00e4hrig).<\/p>\n<\/div><\/div><\/div><\/div><\/div><\/div><\/div><\/div><\/div><div class=\"wpb_column vc_column_container\"><div class=\"vc_column-inner\"><div class=\"wpb_text_column us_custom_eb849559\"><div class=\"wpb_wrapper\"><h4>HIER BUCHEN<br \/>\nBester Online-Preis!<\/h4>\n<\/div><\/div><div class=\"w-btn-wrapper align_justify\"><a class=\"w-btn us-btn-style_1\" target=\"_blank\" rel=\"nofollow\" href=\"https:\/\/www.simplebooking.it\/ibe2\/hotel\/9407?lang=DE&amp;cur=EUR\"><span class=\"w-btn-label\">Mit Rabatt buchen<\/span><\/a><\/div><div class=\"w-btn-wrapper align_justify\"><a class=\"w-btn us-btn-style_6\" title=\"Richiesta Preventivo\" href=\"https:\/\/hotelalfrantoio.it\/de\/vorheriger-antrag\/\"><span class=\"w-btn-label\">Angebot anfragen<\/span><\/a><\/div><\/div><\/div><\/div><\/div><\/div><\/div><\/div><\/section>\n","protected":false},"excerpt":{"rendered":"ZIMMER UND WOHNUNGEN ZIMMER UND WOHNUNGEN Nur wenn Sie mittels dieser Webseite reservieren Diese Plus sind nicht f\u00fcr Buchungen von Booking. com, Expedia oder anderen Websites Dritter anerkannt. Bestpreisgarantie im Vergleich zu allen anderen Online-Webseite (wie booking.com und Exepdia) Garda G\u00e4stekarte: freier oder erm\u00e4\u00dfigter Eintritt in Museen und Schl\u00f6ssern + freie Fahrt mit den \u00f6ffentlichen...","protected":false},"author":1,"featured_media":0,"parent":0,"menu_order":0,"comment_status":"closed","ping_status":"closed","template":"","meta":{"_acf_changed":false,"inline_featured_image":false,"footnotes":""},"class_list":["post-1208","page","type-page","status-publish","hentry"],"acf":[],"yoast_head":"<!-- This site is optimized with the Yoast SEO plugin v27.5 - https:\/\/yoast.com\/product\/yoast-seo-wordpress\/ -->\n<title>Zimmer und Ferienwohnungen in Arco di Trento - Al Frantoio<\/title>\n<meta name=\"description\" content=\"Al Frantoio ist ein 3-Sterne-Hotel in Arco di Trento, nur 5 Minuten von Riva del Garda entfernt. Es verf\u00fcgt \u00fcber einen Garten mit Swimmingpool und einen Wellnessbereich\" \/>\n<meta name=\"robots\" content=\"index, follow, max-snippet:-1, max-image-preview:large, max-video-preview:-1\" \/>\n<link rel=\"canonical\" href=\"https:\/\/hotelalfrantoio.it\/de\/rooms-and-apartments\/\" \/>\n<meta property=\"og:locale\" content=\"de_DE\" \/>\n<meta property=\"og:type\" content=\"article\" \/>\n<meta property=\"og:title\" content=\"Zimmer und Ferienwohnungen in Arco di Trento - Al Frantoio\" \/>\n<meta property=\"og:description\" content=\"Al Frantoio ist ein 3-Sterne-Hotel in Arco di Trento, nur 5 Minuten von Riva del Garda entfernt. Es verf\u00fcgt \u00fcber einen Garten mit Swimmingpool und einen Wellnessbereich\" \/>\n<meta property=\"og:url\" content=\"https:\/\/hotelalfrantoio.it\/de\/rooms-and-apartments\/\" \/>\n<meta property=\"og:site_name\" content=\"Hotel Al Frantoio Arco di Trento\" \/>\n<meta property=\"article:publisher\" content=\"https:\/\/www.facebook.com\/hotelgarnialfrantoio\" \/>\n<meta property=\"article:modified_time\" content=\"2026-02-23T14:04:19+00:00\" \/>\n<meta property=\"og:image\" content=\"https:\/\/hotelalfrantoio.it\/wp-content\/uploads\/2023\/12\/Monolocale-Deluxe.jpg\" \/>\n<meta name=\"twitter:card\" content=\"summary_large_image\" \/>\n<meta name=\"twitter:label1\" content=\"Gesch\u00e4tzte Lesezeit\" \/>\n\t<meta name=\"twitter:data1\" content=\"8 minutes\" \/>\n<script type=\"application\/ld+json\" class=\"yoast-schema-graph\">{\"@context\":\"https:\\\/\\\/schema.org\",\"@graph\":[{\"@type\":\"WebPage\",\"@id\":\"https:\\\/\\\/hotelalfrantoio.it\\\/de\\\/rooms-and-apartments\\\/\",\"url\":\"https:\\\/\\\/hotelalfrantoio.it\\\/de\\\/rooms-and-apartments\\\/\",\"name\":\"Zimmer und Ferienwohnungen in Arco di Trento - Al Frantoio\",\"isPartOf\":{\"@id\":\"https:\\\/\\\/garnialfrantoio.it\\\/#website\"},\"primaryImageOfPage\":{\"@id\":\"https:\\\/\\\/hotelalfrantoio.it\\\/de\\\/rooms-and-apartments\\\/#primaryimage\"},\"image\":{\"@id\":\"https:\\\/\\\/hotelalfrantoio.it\\\/de\\\/rooms-and-apartments\\\/#primaryimage\"},\"thumbnailUrl\":\"https:\\\/\\\/hotelalfrantoio.it\\\/wp-content\\\/uploads\\\/2023\\\/12\\\/Monolocale-Deluxe.jpg\",\"datePublished\":\"2021-11-26T14:10:02+00:00\",\"dateModified\":\"2026-02-23T14:04:19+00:00\",\"description\":\"Al Frantoio ist ein 3-Sterne-Hotel in Arco di Trento, nur 5 Minuten von Riva del Garda entfernt. Es verf\u00fcgt \u00fcber einen Garten mit Swimmingpool und einen Wellnessbereich\",\"breadcrumb\":{\"@id\":\"https:\\\/\\\/hotelalfrantoio.it\\\/de\\\/rooms-and-apartments\\\/#breadcrumb\"},\"inLanguage\":\"de-DE\",\"potentialAction\":[{\"@type\":\"ReadAction\",\"target\":[\"https:\\\/\\\/hotelalfrantoio.it\\\/de\\\/rooms-and-apartments\\\/\"]}]},{\"@type\":\"ImageObject\",\"inLanguage\":\"de-DE\",\"@id\":\"https:\\\/\\\/hotelalfrantoio.it\\\/de\\\/rooms-and-apartments\\\/#primaryimage\",\"url\":\"https:\\\/\\\/hotelalfrantoio.it\\\/wp-content\\\/uploads\\\/2023\\\/12\\\/Monolocale-Deluxe.jpg\",\"contentUrl\":\"https:\\\/\\\/hotelalfrantoio.it\\\/wp-content\\\/uploads\\\/2023\\\/12\\\/Monolocale-Deluxe.jpg\"},{\"@type\":\"BreadcrumbList\",\"@id\":\"https:\\\/\\\/hotelalfrantoio.it\\\/de\\\/rooms-and-apartments\\\/#breadcrumb\",\"itemListElement\":[{\"@type\":\"ListItem\",\"position\":1,\"name\":\"Home\",\"item\":\"https:\\\/\\\/hotelalfrantoio.it\\\/de\\\/\"},{\"@type\":\"ListItem\",\"position\":2,\"name\":\"Zimmer und Wohnungen\"}]},{\"@type\":\"WebSite\",\"@id\":\"https:\\\/\\\/garnialfrantoio.it\\\/#website\",\"url\":\"https:\\\/\\\/garnialfrantoio.it\\\/\",\"name\":\"Hotel Al Frantoio Arco di Trento\",\"description\":\"Hotel Al Frantoio Arco di Trento\",\"publisher\":{\"@id\":\"https:\\\/\\\/garnialfrantoio.it\\\/#organization\"},\"potentialAction\":[{\"@type\":\"SearchAction\",\"target\":{\"@type\":\"EntryPoint\",\"urlTemplate\":\"https:\\\/\\\/garnialfrantoio.it\\\/?s={search_term_string}\"},\"query-input\":{\"@type\":\"PropertyValueSpecification\",\"valueRequired\":true,\"valueName\":\"search_term_string\"}}],\"inLanguage\":\"de-DE\"},{\"@type\":\"Organization\",\"@id\":\"https:\\\/\\\/garnialfrantoio.it\\\/#organization\",\"name\":\"Hotel Al Frantoio Arco di Trento\",\"url\":\"https:\\\/\\\/garnialfrantoio.it\\\/\",\"logo\":{\"@type\":\"ImageObject\",\"inLanguage\":\"de-DE\",\"@id\":\"https:\\\/\\\/garnialfrantoio.it\\\/#\\\/schema\\\/logo\\\/image\\\/\",\"url\":\"https:\\\/\\\/hotelalfrantoio.it\\\/wp-content\\\/uploads\\\/2021\\\/11\\\/logo-footer-1.svg\",\"contentUrl\":\"https:\\\/\\\/hotelalfrantoio.it\\\/wp-content\\\/uploads\\\/2021\\\/11\\\/logo-footer-1.svg\",\"width\":\"1024\",\"height\":\"1024\",\"caption\":\"Hotel Al Frantoio Arco di Trento\"},\"image\":{\"@id\":\"https:\\\/\\\/garnialfrantoio.it\\\/#\\\/schema\\\/logo\\\/image\\\/\"},\"sameAs\":[\"https:\\\/\\\/www.facebook.com\\\/hotelgarnialfrantoio\",\"https:\\\/\\\/www.instagram.com\\\/hotelgarnialfrantoio\\\/\"]}]}<\/script>\n<!-- \/ Yoast SEO plugin. -->","yoast_head_json":{"title":"Zimmer und Ferienwohnungen in Arco di Trento - Al Frantoio","description":"Al Frantoio ist ein 3-Sterne-Hotel in Arco di Trento, nur 5 Minuten von Riva del Garda entfernt. Es verf\u00fcgt \u00fcber einen Garten mit Swimmingpool und einen Wellnessbereich","robots":{"index":"index","follow":"follow","max-snippet":"max-snippet:-1","max-image-preview":"max-image-preview:large","max-video-preview":"max-video-preview:-1"},"canonical":"https:\/\/hotelalfrantoio.it\/de\/rooms-and-apartments\/","og_locale":"de_DE","og_type":"article","og_title":"Zimmer und Ferienwohnungen in Arco di Trento - Al Frantoio","og_description":"Al Frantoio ist ein 3-Sterne-Hotel in Arco di Trento, nur 5 Minuten von Riva del Garda entfernt. Es verf\u00fcgt \u00fcber einen Garten mit Swimmingpool und einen Wellnessbereich","og_url":"https:\/\/hotelalfrantoio.it\/de\/rooms-and-apartments\/","og_site_name":"Hotel Al Frantoio Arco di Trento","article_publisher":"https:\/\/www.facebook.com\/hotelgarnialfrantoio","article_modified_time":"2026-02-23T14:04:19+00:00","og_image":[{"url":"https:\/\/hotelalfrantoio.it\/wp-content\/uploads\/2023\/12\/Monolocale-Deluxe.jpg","type":"","width":"","height":""}],"twitter_card":"summary_large_image","twitter_misc":{"Gesch\u00e4tzte Lesezeit":"8 minutes"},"schema":{"@context":"https:\/\/schema.org","@graph":[{"@type":"WebPage","@id":"https:\/\/hotelalfrantoio.it\/de\/rooms-and-apartments\/","url":"https:\/\/hotelalfrantoio.it\/de\/rooms-and-apartments\/","name":"Zimmer und Ferienwohnungen in Arco di Trento - Al Frantoio","isPartOf":{"@id":"https:\/\/garnialfrantoio.it\/#website"},"primaryImageOfPage":{"@id":"https:\/\/hotelalfrantoio.it\/de\/rooms-and-apartments\/#primaryimage"},"image":{"@id":"https:\/\/hotelalfrantoio.it\/de\/rooms-and-apartments\/#primaryimage"},"thumbnailUrl":"https:\/\/hotelalfrantoio.it\/wp-content\/uploads\/2023\/12\/Monolocale-Deluxe.jpg","datePublished":"2021-11-26T14:10:02+00:00","dateModified":"2026-02-23T14:04:19+00:00","description":"Al Frantoio ist ein 3-Sterne-Hotel in Arco di Trento, nur 5 Minuten von Riva del Garda entfernt. Es verf\u00fcgt \u00fcber einen Garten mit Swimmingpool und einen Wellnessbereich","breadcrumb":{"@id":"https:\/\/hotelalfrantoio.it\/de\/rooms-and-apartments\/#breadcrumb"},"inLanguage":"de-DE","potentialAction":[{"@type":"ReadAction","target":["https:\/\/hotelalfrantoio.it\/de\/rooms-and-apartments\/"]}]},{"@type":"ImageObject","inLanguage":"de-DE","@id":"https:\/\/hotelalfrantoio.it\/de\/rooms-and-apartments\/#primaryimage","url":"https:\/\/hotelalfrantoio.it\/wp-content\/uploads\/2023\/12\/Monolocale-Deluxe.jpg","contentUrl":"https:\/\/hotelalfrantoio.it\/wp-content\/uploads\/2023\/12\/Monolocale-Deluxe.jpg"},{"@type":"BreadcrumbList","@id":"https:\/\/hotelalfrantoio.it\/de\/rooms-and-apartments\/#breadcrumb","itemListElement":[{"@type":"ListItem","position":1,"name":"Home","item":"https:\/\/hotelalfrantoio.it\/de\/"},{"@type":"ListItem","position":2,"name":"Zimmer und Wohnungen"}]},{"@type":"WebSite","@id":"https:\/\/garnialfrantoio.it\/#website","url":"https:\/\/garnialfrantoio.it\/","name":"Hotel Al Frantoio Arco di Trento","description":"Hotel Al Frantoio Arco di Trento","publisher":{"@id":"https:\/\/garnialfrantoio.it\/#organization"},"potentialAction":[{"@type":"SearchAction","target":{"@type":"EntryPoint","urlTemplate":"https:\/\/garnialfrantoio.it\/?s={search_term_string}"},"query-input":{"@type":"PropertyValueSpecification","valueRequired":true,"valueName":"search_term_string"}}],"inLanguage":"de-DE"},{"@type":"Organization","@id":"https:\/\/garnialfrantoio.it\/#organization","name":"Hotel Al Frantoio Arco di Trento","url":"https:\/\/garnialfrantoio.it\/","logo":{"@type":"ImageObject","inLanguage":"de-DE","@id":"https:\/\/garnialfrantoio.it\/#\/schema\/logo\/image\/","url":"https:\/\/hotelalfrantoio.it\/wp-content\/uploads\/2021\/11\/logo-footer-1.svg","contentUrl":"https:\/\/hotelalfrantoio.it\/wp-content\/uploads\/2021\/11\/logo-footer-1.svg","width":"1024","height":"1024","caption":"Hotel Al Frantoio Arco di Trento"},"image":{"@id":"https:\/\/garnialfrantoio.it\/#\/schema\/logo\/image\/"},"sameAs":["https:\/\/www.facebook.com\/hotelgarnialfrantoio","https:\/\/www.instagram.com\/hotelgarnialfrantoio\/"]}]}},"_links":{"self":[{"href":"https:\/\/hotelalfrantoio.it\/de\/wp-json\/wp\/v2\/pages\/1208","targetHints":{"allow":["GET"]}}],"collection":[{"href":"https:\/\/hotelalfrantoio.it\/de\/wp-json\/wp\/v2\/pages"}],"about":[{"href":"https:\/\/hotelalfrantoio.it\/de\/wp-json\/wp\/v2\/types\/page"}],"author":[{"embeddable":true,"href":"https:\/\/hotelalfrantoio.it\/de\/wp-json\/wp\/v2\/users\/1"}],"replies":[{"embeddable":true,"href":"https:\/\/hotelalfrantoio.it\/de\/wp-json\/wp\/v2\/comments?post=1208"}],"version-history":[{"count":32,"href":"https:\/\/hotelalfrantoio.it\/de\/wp-json\/wp\/v2\/pages\/1208\/revisions"}],"predecessor-version":[{"id":2986,"href":"https:\/\/hotelalfrantoio.it\/de\/wp-json\/wp\/v2\/pages\/1208\/revisions\/2986"}],"wp:attachment":[{"href":"https:\/\/hotelalfrantoio.it\/de\/wp-json\/wp\/v2\/media?parent=1208"}],"curies":[{"name":"wp","href":"https:\/\/api.w.org\/{rel}","templated":true}]}}